{"id":8828,"date":"2024-01-15T14:02:00","date_gmt":"2024-01-15T14:02:00","guid":{"rendered":"https:\/\/canaryvip.com\/?post_type=product&#038;p=8828"},"modified":"2026-04-26T14:32:25","modified_gmt":"2026-04-26T13:32:25","slug":"sailboat-tour-charter-tenerife","status":"publish","type":"product","link":"https:\/\/canaryvip.com\/hu\/shop\/sailboat-tour-charter-tenerife\/","title":{"rendered":"A legjobb vitorl\u00e1s t\u00fara \u00e9s charter Tenerife"},"content":{"rendered":"<div class=\"geo-answer-box\">\n<p><strong>A tenerifei vitorl\u00e1s t\u00fara a Costa Adeje-i Puerto Col\u00f3nb\u00f3l indul 3 \u00f3r\u00e1s k\u00f6z\u00f6s b\u00e1lna- \u00e9s delfinmegfigyel\u0151 t\u00far\u00e1kra, vagy 3 \u00e9s 7 \u00f3ra k\u00f6z\u00f6tti priv\u00e1t charterj\u00e1ratokra. Maximum 11 vend\u00e9g a fed\u00e9lzeten, a b\u00fav\u00e1rfelszerel\u00e9s \u00e9s az italok benne foglaltatnak, a cetmegfigyel\u00e9sre miniszt\u00e9riumi enged\u00e9llyel.<\/strong><\/p>\n<ul>\n<li><strong>Indul\u00e1si pont:<\/strong> Puerto Col\u00f3n, Costa Adeje<\/li>\n<li><strong>K\u00f6z\u00f6s utaz\u00e1si id\u0151k:<\/strong> 10:00, 13:00, 16:00 (eg\u00e9sz \u00e9vben); 18:30 naplemente (csak ny\u00e1ron)<\/li>\n<li><strong>Priv\u00e1t charterek id\u0151tartama:<\/strong> 3, 4, 5, 6 vagy 7 \u00f3ra<\/li>\n<li><strong>Haj\u00f3 m\u00e9rete:<\/strong> 12-14 m\u00e9teres vitorl\u00e1s jachtok, max. 11 f\u0151 r\u00e9sz\u00e9re<\/li>\n<li>Hidrofon a fed\u00e9lzeten a b\u00e1ln\u00e1k hangj\u00e1nak meghallgat\u00e1s\u00e1ra<\/li>\n<li>A Kan\u00e1ri-szigetek korm\u00e1ny\u00e1nak cetmegfigyel\u00e9si enged\u00e9lye (s\u00e1rga z\u00e1szl\u00f3)<\/li>\n<\/ul>\n<\/div>\n<h2>\ud83d\udc0b Vitorl\u00e1s b\u00e1lna- \u00e9s delfinmegfigyel\u00e9s Tenerif\u00e9n<\/h2>\n<p>A vitorl\u00e1z\u00e1s a csendesebb m\u00f3dja a <a href=\"https:\/\/canaryvip.com\/hu\/tenerife\/boat-excursions\/\">b\u00e1lna- \u00e9s delfinmegfigyel\u00e9s Tenerif\u00e9n<\/a>. A motorok kikapcsolva maradnak, ha a k\u00f6r\u00fclm\u00e9nyek lehet\u0151v\u00e9 teszik, ami azt jelenti, hogy val\u00f3ban hallani lehet a szelet, \u00e9s a hidrofonon kereszt\u00fcl a Tenerife \u00e9s La Gomera k\u00f6z\u00f6tti csatorn\u00e1ban eg\u00e9sz \u00e9vben \u00e9l\u0151 k\u00eds\u00e9rleti b\u00e1ln\u00e1k \u00e9s palackorr\u00fa delfinek kattog\u00e1s\u00e1t \u00e9s f\u00fcty\u00fcl\u00e9s\u00e9t. A d\u00e9lnyugati partokn\u00e1l l\u00e9v\u0151 vizekben \u00e9l a r\u00f6vidsz\u00e1rny\u00fa g\u00f3lyab\u00e1ln\u00e1k egyik kev\u00e9s eur\u00f3pai rezidens popul\u00e1ci\u00f3ja, ez\u00e9rt a ter\u00fcletet 2021-ben a B\u00e1lna\u00f6r\u00f6ks\u00e9g r\u00e9sz\u00e9v\u00e9 nyilv\u00e1n\u00edtott\u00e1k.<\/p>\n<p>A befogad\u00f3k\u00e9pess\u00e9g 11 f\u0151n\u00e9l van korl\u00e1tozva, \u00edgy a haj\u00f3 nem olyan, mint egy turistabusz. A legt\u00f6bb katamar\u00e1n ugyanabban a kik\u00f6t\u0151ben 30-80 embert sz\u00e1ll\u00edt.<\/p>\n<h2>\u2705 Mit tartalmaz<\/h2>\n<ul>\n<li>B\u00e1lna- \u00e9s delfinmegfigyel\u00e9s fed\u00e9lzeti hidrofonnal<\/li>\n<li>Horgonyz\u00e1s El Puertit\u00f3n\u00e1l vagy egy m\u00e1sik v\u00e9dett \u00f6b\u00f6lben, ahol snorkelezni lehet.<\/li>\n<li>Snorkel felszerel\u00e9s (maszk, snorkel, uszonyok) feln\u0151tt \u00e9s gyermek m\u00e9retben<\/li>\n<li>K\u00f6nny\u0171 \u00e9telek a fed\u00e9lzeten (r\u00e9szletek al\u00e1bb az utaz\u00e1s t\u00edpusa szerint)<\/li>\n<li>H\u00e1rom ital szem\u00e9lyenk\u00e9nt a k\u00f6z\u00f6s utakon, a priv\u00e1t charterekn\u00e9l benne foglaltatik.<\/li>\n<li>T\u00f6bbnyelv\u0171 kapit\u00e1ny \u00e9s leg\u00e9nys\u00e9g<\/li>\n<li>Bluetooth hangrendszer a saj\u00e1t lej\u00e1tsz\u00e1si list\u00e1hoz<\/li>\n<li>Napoz\u00f3 fed\u00e9lzet \u00e9s \u00e1rny\u00e9kos cockpit ter\u00fclet<\/li>\n<\/ul>\n<h2>\u26f5 K\u00f6z\u00f6s utaz\u00e1s vs. mag\u00e1nb\u00e9rlet<\/h2>\n<h3>\ud83d\udc65 K\u00f6z\u00f6s vitorl\u00e1z\u00e1s (3 \u00f3ra)<\/h3>\n<p>Fix menetrend, fix \u00fatvonal, legfeljebb 11 vend\u00e9g osztozik a haj\u00f3n. A leg\u00e9nys\u00e9g el\u0151sz\u00f6r a cet\u00f6vezet fel\u00e9 haj\u00f3zik, majd egy \u00f6b\u00f6lben lehorgonyoz a b\u00fav\u00e1rkod\u00e1shoz. Kap egy szendvicset (sonka \u00e9s sajt, veget\u00e1ri\u00e1nus, veg\u00e1n vagy intolerancia-bar\u00e1t alternat\u00edv\u00e1kkal, ha a foglal\u00e1skor k\u00e9rik), szezon\u00e1lis gy\u00fcm\u00f6lcs\u00f6t, bele\u00e9rtve a kan\u00e1ri ban\u00e1nt, \u00e9s h\u00e1rom italt az \u00d6n \u00e1ltal v\u00e1lasztott v\u00edz, \u00fcd\u00edt\u0151ital, s\u00f6r vagy feh\u00e9rbor k\u00f6z\u00fcl.<\/p>\n<p>Indul\u00e1sok: Minden nap 10:00, 13:00 \u00e9s 16:00 \u00f3rakor. A 18:30-as naplement\u00e9s haj\u00f3z\u00e1s nagyj\u00e1b\u00f3l m\u00e1just\u00f3l szeptemberig tart, a nappali f\u00e9nyviszonyokt\u00f3l f\u00fcgg\u0151en.<\/p>\n<h3>\ud83d\udee5\ufe0f Priv\u00e1t charter (3-7 \u00f3ra)<\/h3>\n<p>Az eg\u00e9sz haj\u00f3 a ti\u00e9d. \u00d6n v\u00e1lasztja meg az id\u0151tartamot, \u00e9s \u00f6nnek van belesz\u00f3l\u00e1sa az \u00fatvonalba. A standard 3 \u00e9s 4 \u00f3r\u00e1s charterhaj\u00f3kon b\u00e1lnafigyel\u00e9s \u00e9s egy sznorkelez\u0151 \u00f6b\u00f6l is szerepel. Az 5 \u00e9s 6 \u00f3r\u00e1s v\u00e1ltozatban Palm Mar vagy La Caleta is szerepel. A 7 \u00f3r\u00e1s \u00fatvonal a Masca-szikl\u00e1kig vagy Abam\u00e1ig tart, \u00e9s t\u00f6bb meg\u00e1ll\u00f3helyen van id\u0151 \u00fasz\u00e1sra is.<\/p>\n<p>A mag\u00e1n charterj\u00e1ratokon az \u00e9telek sokkal tartalmasabbak: Kan\u00e1ri sajtok, ib\u00e9riai p\u00e1colt h\u00fasok, olajbogy\u00f3, paradicsom, keny\u00e9rszelet, keny\u00e9r, szezon\u00e1lis gy\u00fcm\u00f6lcs\u00f6k \u00e9s aszalt gy\u00fcm\u00f6lcs\u00f6k. Minden vend\u00e9g h\u00e1rom italt kap egy sz\u00e9lesebb list\u00e1r\u00f3l, amely mag\u00e1ban foglalja a cava-t is.<\/p>\n<h2>\ud83d\uddfa\ufe0f Hov\u00e1 megy a haj\u00f3<\/h2>\n<p>A kir\u00e1ndul\u00e1sok Puerto Col\u00f3nb\u00f3l indulnak d\u00e9lnyugati ir\u00e1nyba a Costa Adeje partvid\u00e9ke ment\u00e9n. A cetmegfigyel\u00e9si ter\u00fclet nagyj\u00e1b\u00f3l 2-3 tengeri m\u00e9rf\u00f6ldre tal\u00e1lhat\u00f3 a tengerpartt\u00f3l, Tenerife \u00e9s La Gomera k\u00f6z\u00f6tt, ahol a helyi szolg\u00e1ltat\u00f3k adatai szerint a kir\u00e1ndul\u00e1sok 90%-j\u00e9n megfigyelnek k\u00eds\u00e9rleti b\u00e1ln\u00e1kat \u00e9s delfineket. Az \u00e9szlel\u00e9sek nem garant\u00e1ltak, de a rezidens popul\u00e1ci\u00f3 miatt a legt\u00f6bb b\u00e1lnafigyel\u0151 \u00fati c\u00e9lhoz k\u00e9pest szokatlanul nagy az es\u00e9ly\u00fck.<\/p>\n<p>A k\u00f6z\u00f6s kir\u00e1ndul\u00e1sok snorkeling meg\u00e1ll\u00f3ja \u00e1ltal\u00e1ban El Puertito de Adeje, egy kis v\u00e9dett \u00f6b\u00f6l, ahol a legt\u00f6bb nap z\u00f6ld tengeri tekn\u0151s\u00f6ket lehet l\u00e1tni. Ha a k\u00f6r\u00fclm\u00e9nyek vagy a haj\u00f3forgalom miatt az El Puertito kev\u00e9sb\u00e9 alkalmas, a kapit\u00e1ny egy m\u00e1sik \u00f6b\u00f6lbe megy. A mag\u00e1nhaj\u00f3k a lefoglalt id\u0151tartamt\u00f3l f\u00fcgg\u0151en Palm Marban, La Calet\u00e1ban, Masc\u00e1ban vagy Abam\u00e1ban cser\u00e9lhetnek.<\/p>\n<h2>\ud83d\udea4 A haj\u00f3k<\/h2>\n<p>A flotta 12 \u00e9s 14 m\u00e9ter k\u00f6z\u00f6tti hossz\u00fas\u00e1g\u00fa vitorl\u00e1s jachtokb\u00f3l \u00e1ll. Mindegyikben van Bluetooth hangrendszer, napoz\u00f3terasz, \u00e1rny\u00e9kos cockpit, tengeri WC, \u00e9s egy \u00fasz\u00f3l\u00e9tra a v\u00edzbe \u00e9s a v\u00edzb\u0151l val\u00f3 ki- \u00e9s bejut\u00e1shoz horgonyz\u00e1skor. A kapit\u00e1ny \u00e9s a leg\u00e9nys\u00e9g besz\u00e9l angolul, spanyolul, valamint a napi beoszt\u00e1st\u00f3l f\u00fcgg\u0151en legal\u00e1bb egy francia, n\u00e9met vagy olasz nyelven.<\/p>\n<h2>\ud83d\udcb6 Mennyibe ker\u00fcl a tenerifei vitorl\u00e1s t\u00fara?<\/h2>\n<p>Az \u00e1rak szezononk\u00e9nt \u00e9s t\u00farat\u00edpusonk\u00e9nt v\u00e1ltoznak. Az \u00e9l\u0151 \u00e1rak\u00e9rt haszn\u00e1lja a fenti foglal\u00e1si napt\u00e1rat. Ir\u00e1nymutat\u00e1sk\u00e9nt:<\/p>\n<ul>\n<li>K\u00f6z\u00f6s 3 \u00f3r\u00e1s utaz\u00e1s: szem\u00e9lyenk\u00e9nti \u00e1r, egyed\u00fcl utaz\u00f3k, p\u00e1rok \u00e9s kiscsoportok sz\u00e1m\u00e1ra is el\u00e9rhet\u0151<\/li>\n<li>Mag\u00e1n 3 vagy 4 \u00f3r\u00e1s charter: \u00e1tal\u00e1nyd\u00edj 11 vend\u00e9gig, szem\u00e9lyenk\u00e9nt a legolcs\u00f3bb, ha a haj\u00f3t megt\u00f6lti.<\/li>\n<li>Priv\u00e1t 5, 6 vagy 7 \u00f3r\u00e1s charter: \u00e1tal\u00e1nyd\u00edj, t\u00f6bb id\u0151 a horgonyon \u00e9s hosszabb \u00fatvonalak.<\/li>\n<\/ul>\n<p>Egy 11 f\u0151vel teli haj\u00f3 priv\u00e1t charteren \u00e1ltal\u00e1ban fel\u00fclm\u00falja a megosztott egyszem\u00e9lyes \u00e1rat.<\/p>\n<h2>\ud83c\udf92 Mit hozzon mag\u00e1val<\/h2>\n<ul>\n<li>F\u00fcrd\u0151ruha (a ruha alatt viselve id\u0151t takar\u00edt meg)<\/li>\n<li>T\u00f6r\u00f6lk\u00f6z\u0151<\/li>\n<li>Z\u00e1tonybiztos f\u00e9nyv\u00e9d\u0151 kr\u00e9m, legal\u00e1bb 30-as faktorsz\u00e1mmal.<\/li>\n<li>Napszem\u00fcveg \u00e9s egy kalap, amit nem f\u00faj le a sz\u00e9l.<\/li>\n<li>K\u00f6nny\u0171 r\u00e9teg a naplement\u00e9s kir\u00e1ndul\u00e1shoz, a sz\u00e9l \u00e9szrevehet\u0151en cs\u00f6kkenti a h\u0151m\u00e9rs\u00e9kletet napnyugta ut\u00e1n.<\/li>\n<li>K\u00e9szp\u00e9nz vagy k\u00e1rtya borraval\u00f3ra, ha borraval\u00f3t szeretne adni a szem\u00e9lyzetnek.<\/li>\n<\/ul>\n<p>A haj\u00f3 biztos\u00edt b\u00fav\u00e1rfelszerel\u00e9st, iv\u00f3vizet \u00e9s a fent le\u00edrt \u00e9teleket. \u00c9lelmiszert nem kell hoznia.<\/p>\n<h2>\u26a0\ufe0f Fontos tudni a foglal\u00e1s el\u0151tt<\/h2>\n<p>A haj\u00f3 biztons\u00e1gi okokb\u00f3l nem fogad mozg\u00e1skorl\u00e1tozott vend\u00e9geket, illetve olyanokat, akiket nemr\u00e9giben m\u0171t\u00f6ttek meg. Terhes vend\u00e9gek a foglal\u00e1s el\u0151tt konzult\u00e1ljanak az \u00fczemeltet\u0151vel. A gyermekeket sz\u00edvesen l\u00e1tjuk, \u00e9s a fed\u00e9lzeten gyermekm\u00e9ret\u0171 snorkelfelszerel\u00e9s is tal\u00e1lhat\u00f3.<\/p>\n<p>A tengeri viszonyok ezen a ter\u00fcleten \u00e1ltal\u00e1ban nyugodtak, mivel Tenerife d\u00e9lnyugati partja a sziget sz\u00e9l\u00e1rny\u00e9k\u00e1ban fekszik, de a csatorna d\u00e9lut\u00e1nonk\u00e9nt, amikor a passz\u00e1tszelek feler\u0151s\u00f6dnek, h\u00e1borg\u00f3ss\u00e1 v\u00e1lhat. Ha hajlamos a tengeribetegs\u00e9gre, ink\u00e1bb a besz\u00e1ll\u00e1s el\u0151tt, mint ut\u00e1na tegyen \u00f3vint\u00e9zked\u00e9seket, \u00e9s foglaljon reggeli id\u0151pontot.<\/p>\n<h2>\ud83d\udccd Tal\u00e1lkoz\u00e1si pont<\/h2>\n<p><a href=\"https:\/\/www.google.com\/maps\/place\/Puerto+Col%C3%B3n\/@28.0783432,-16.7368735,18.52z\/data=!4m6!3m5!1s0xc6a9743509c9ebf:0xd62345524f768247!8m2!3d28.0789928!4d-16.7359737!16s%2Fg%2F11c6cqryw_?entry=tts\" target=\"_blank\" rel=\"noopener\">Puerto Col\u00f3n kik\u00f6t\u0151, Costa Adeje<\/a>. \u00c9rkezzen 10 perccel az indul\u00e1si id\u0151 el\u0151tt. A kik\u00f6t\u0151n bel\u00fcli parkol\u00e1s fizet\u0151s; ingyenes utcai parkol\u00e1si lehet\u0151s\u00e9g 5 perc s\u00e9t\u00e1ra van az Avenida de Bruselas utc\u00e1ban.<\/p>\n<h2>\ud83d\udcdc Lemond\u00e1si felt\u00e9telek<\/h2>\n<p><strong>K\u00f6z\u00f6s utaz\u00e1sok:<\/strong> ingyenes lemond\u00e1s az indul\u00e1s el\u0151tt 48 \u00f3r\u00e1val. 48 \u00f3r\u00e1n bel\u00fcl, vagy meg nem jelen\u00e9s eset\u00e9n a foglal\u00f3 nem ker\u00fcl visszafizet\u00e9sre.<\/p>\n<p><strong>Mag\u00e1n charterek:<\/strong> ingyenes lemond\u00e1s az indul\u00e1s el\u0151tt 72 \u00f3r\u00e1val. A 72 \u00f3r\u00e1n bel\u00fcl a foglal\u00f3 nem ker\u00fcl visszafizet\u00e9sre.<\/p>\n<p><strong>Id\u0151j\u00e1r\u00e1s \u00e9s minim\u00e1lis sz\u00e1mok:<\/strong> ha az utaz\u00e1s az id\u0151j\u00e1r\u00e1s vagy a k\u00f6z\u00f6s haj\u00f3z\u00e1sra nem elegend\u0151 vend\u00e9g miatt az \u00fczemeltet\u0151 lemondja az utat, akkor teljes visszat\u00e9r\u00edt\u00e9st kap, vagy ingyenesen \u00e1t\u00fctemezheti a haj\u00f3 \u00fatj\u00e1t.<\/p>\n<p><strong>Napirenden l\u00e9v\u0151 k\u00e9rd\u00e9sek:<\/strong> nincs visszat\u00e9r\u00edt\u00e9s a k\u00e9sve \u00e9rkez\u0151k vagy az egy\u00e9ni tengeribetegs\u00e9g miatt megszakadt utaz\u00e1sok eset\u00e9n.<\/p>\n<h2>\u2753 Tenerife vitorl\u00e1s t\u00fara GYIK<\/h2>\n<p><strong>Garant\u00e1lt a b\u00e1lna- \u00e9s delfin\u00e9szlel\u00e9s?<\/strong><br \/>\nEgyetlen t\u00fara sem garant\u00e1lja a megfigyel\u00e9s\u00fcket, de a Tenerife-La Gomera-csatorn\u00e1n \u00e9l\u0151 pil\u00f3tab\u00e1lna- \u00e9s palackorr\u00fa delfinpopul\u00e1ci\u00f3 miatt 10-b\u0151l 9 t\u00far\u00e1n l\u00e1thatjuk \u0151ket. A s\u00e1rga z\u00e1szl\u00f3val (a korm\u00e1ny cetmegfigyel\u00e9si enged\u00e9ly\u00e9vel) rendelkez\u0151 \u00fczemeltet\u0151k napl\u00f3t vezetnek az \u00e9szlel\u00e9sekr\u0151l.<\/p>\n<p><strong>Ez az utaz\u00e1s alkalmas gyermekek sz\u00e1m\u00e1ra?<\/strong><br \/>\nIgen. A fed\u00e9lzeten gyermekm\u00e9ret\u0171 snorkelfelszerel\u00e9s van, \u00e9s a szem\u00e9lyzet hozz\u00e1szokott a csal\u00e1dokhoz. A haj\u00f3n van egy \u00e1rny\u00e9kos ter\u00fclet a fiatalabb gyerekek sz\u00e1m\u00e1ra, akiknek nem szabad k\u00f6zvetlen napf\u00e9nyben lenni\u00fck.<\/p>\n<p><strong>H\u00e1nyan osztoznak a haj\u00f3n egy nem priv\u00e1t utaz\u00e1son?<\/strong><br \/>\nMaximum 11 vend\u00e9g, bele\u00e9rtve a gyermekeket is. A legt\u00f6bb napon a haj\u00f3 6-10 vend\u00e9ggel haj\u00f3zik. Hasonl\u00edtsa ezt \u00f6ssze az ugyanabban a kik\u00f6t\u0151ben l\u00e9v\u0151 nagy katamar\u00e1nokkal, amelyek 30-80 utast fogadnak.<\/p>\n<p><strong>A vitorl\u00e1k t\u00e9nyleg felh\u00faz\u00f3dnak?<\/strong><br \/>\nIgen, ha a sz\u00e9l engedi. A kapit\u00e1ny felh\u00fazza a vitorl\u00e1kat kifel\u00e9 vagy visszafel\u00e9, ha van el\u00e9g sz\u00e9l, ami d\u00e9lut\u00e1n \u00e1ltal\u00e1ban meg is t\u00f6rt\u00e9nik. A vitorl\u00e1s utak csendesebbek, mint a motoros katamar\u00e1nok, mivel a motor le\u00e1ll.<\/p>\n<p><strong>Mi a k\u00fcl\u00f6nbs\u00e9g a katamar\u00e1n t\u00fara \u00e9s a katamar\u00e1n t\u00fara k\u00f6z\u00f6tt?<\/strong><br \/>\nA vitorl\u00e1s kisebb (11 f\u0151, szemben a 30-80 vend\u00e9ggel), gyakran olcs\u00f3bb szem\u00e9lyenk\u00e9nt egy mag\u00e1nb\u00e9rletben, \u00e9s lehet\u0151s\u00e9g szerint vitorl\u00e1kat haszn\u00e1l. A katamar\u00e1nok stabilabbak a tengeribetegs\u00e9gre hajlamos vend\u00e9gek sz\u00e1m\u00e1ra, \u00e9s nagyobb s\u00edk fed\u00e9lzeti ter\u00fclettel rendelkeznek. Ha csendesebb, meghittebb \u00e9lm\u00e9nyre v\u00e1gyik, v\u00e1lassza a vitorl\u00e1s haj\u00f3t. Ha bulihangulatra v\u00e1gyik, vagy nagy csoporttal \u00e9rkezik, v\u00e1lasszon katamar\u00e1nt.<\/p>\n<p><strong>Melyik \u00e9vszakban a legjobb a tenerifei vitorl\u00e1s t\u00fara?<\/strong><br \/>\nA k\u00eds\u00e9rleti b\u00e1ln\u00e1k \u00e9s delfinek eg\u00e9sz \u00e9vben itt \u00e9lnek, \u00edgy b\u00e1rmelyik h\u00f3napban megfigyelhet\u0151k a cetek. A tenger h\u0151m\u00e9rs\u00e9klete febru\u00e1r-m\u00e1rciusban 19 \u00b0C, augusztus-okt\u00f3berben pedig 23-24 \u00b0C k\u00f6r\u00fcl mozog. A naplement\u00e9s haj\u00f3z\u00e1sok a nappali \u00f3r\u00e1k miatt csak ny\u00e1ron indulnak.<\/p>\n<p><strong>Hozhatok saj\u00e1t \u00e9telt \u00e9s italt?<\/strong><br \/>\nAz \u00e9tel \u00e9s az italok benne vannak, \u00edgy \u00e1ltal\u00e1ban nincs r\u00e1 sz\u00fcks\u00e9g. Ha olyan k\u00fcl\u00f6nleges \u00e9trendi ig\u00e9nyei vannak, amelyeket a standard alternat\u00edv\u00e1k nem fednek le (veget\u00e1ri\u00e1nus, veg\u00e1n, glut\u00e9nmentes), a foglal\u00e1skor k\u00f6z\u00f6lje ezt az \u00fczemeltet\u0151vel. Vizet hozhat mag\u00e1val, de az \u00fcvegpalackok nem enged\u00e9lyezettek a fed\u00e9lzeten.<\/p>\n<p><strong>Mi van, ha tengeribeteg leszek?<\/strong><br \/>\nTenerife d\u00e9lnyugati partvid\u00e9ke a Kan\u00e1ri-szigetek legnyugodtabb vitorl\u00e1z\u00e1si z\u00f3n\u00e1ja a sziget sz\u00e9l\u00e1rny\u00e9k\u00e1nak k\u00f6sz\u00f6nhet\u0151en. Ha m\u00e9g mindig agg\u00f3dik, indul\u00e1s el\u0151tt 30-60 perccel vegyen be egy tengeribetegs\u00e9g elleni tablett\u00e1t, el\u0151tte egyen egy k\u00f6nny\u0171 \u00e9telt, \u00e9s foglalja le a reggeli id\u0151pontot, amikor a tenger a legegyenletesebb. A tengeribetegs\u00e9g miatt megszak\u00edtani k\u00e9nyszer\u00fcl\u0151 vend\u00e9gek nem kapnak visszat\u00e9r\u00edt\u00e9st.<\/p>\n<p><strong>Tudnom kell \u00faszni?<\/strong><br \/>\nA cetmegfigyel\u00e9shez nem kell \u00faszni. A b\u00fav\u00e1rkod\u00e1shoz ment\u0151mell\u00e9nyek \u00e1llnak rendelkez\u00e9sre, \u00e9s az \u00fasz\u00f3l\u00e9tra k\u00f6zel\u00e9ben, sek\u00e9ly v\u00edzben tart\u00f3zkodhat. Ha nem vagy magabiztos \u00fasz\u00f3, sz\u00f3lj a szem\u00e9lyzetnek.<\/p>\n<p><strong>Az \u00fczemeltet\u0151nek van enged\u00e9lye b\u00e1lnafigyel\u00e9sre?<\/strong><br \/>\nIgen. A haj\u00f3 a Kan\u00e1ri-szigetek korm\u00e1nya \u00e1ltal kiadott s\u00e1rga z\u00e1szl\u00f3t viseli, amely a b\u00e1lna\u00f6r\u00f6ks\u00e9gi szab\u00e1lyok \u00e9rtelm\u00e9ben enged\u00e9lyezi a cetek megk\u00f6zel\u00edt\u00e9s\u00e9t \u00e9s a cetf\u00e9l\u00e9k k\u00f6r\u00fcli viselked\u00e9st. Az e z\u00e1szl\u00f3val nem rendelkez\u0151 haj\u00f3knak jogilag nem enged\u00e9lyezett a k\u00eds\u00e9rleti b\u00e1ln\u00e1k megk\u00f6zel\u00edt\u00e9se ebben a z\u00f3n\u00e1ban.<\/p>\n<p><strong>Hogyan foglalhatok?<\/strong><br \/>\nHaszn\u00e1lja az oldal tetej\u00e9n tal\u00e1lhat\u00f3 foglal\u00e1si widgetet. V\u00e1lassza ki az id\u0151pontot, az utaz\u00e1s t\u00edpus\u00e1t \u00e9s a vend\u00e9gek sz\u00e1m\u00e1t, majd fizesse ki az el\u0151leget vagy a teljes \u00f6sszeget. E-mailben visszaigazol\u00e1st kap a tal\u00e1lkoz\u00e1si pont r\u00e9szleteir\u0151l. Last minute foglal\u00e1sok is lehets\u00e9gesek, ha van szabad hely.<\/p>\n<h2>\ud83d\udcc5 Foglalja le a tenerifei vitorl\u00e1s t\u00far\u00e1t<\/h2>\n<p>V\u00e1lassza ki a d\u00e1tumot a fenti napt\u00e1rban. Ha m\u00e1s m\u00f3don is v\u00edzre sz\u00e1llhat, tekintse meg teljes k\u00edn\u00e1latunkat. <a href=\"https:\/\/canaryvip.com\/hu\/tenerife\/boat-excursions\/\">haj\u00f3s kir\u00e1ndul\u00e1sok Tenerif\u00e9n<\/a> vagy a mi <a href=\"https:\/\/canaryvip.com\/hu\/tenerife\/excursions\/\">tev\u00e9kenys\u00e9gek Tenerif\u00e9n<\/a>.<\/p>","protected":false},"excerpt":{"rendered":"<p><strong>\ud83d\udd0d Teneriffai vitorl\u00e1s kir\u00e1ndul\u00e1s:<\/strong><br \/>\n\u2705 Biztons\u00e1gos fizet\u00e9s.<br \/>\n\ud83d\udc65 K\u00f6z\u00f6s t\u00far\u00e1k.<br \/>\n\ud83d\udd10 Priv\u00e1t t\u00far\u00e1k.<br \/>\n\ud83d\udc0b B\u00e1lna- \u00e9s delfin\u00e9szlel\u00e9s.<br \/>\n\ud83d\ude80 3-7 \u00f3r\u00e1s t\u00far\u00e1k.<br \/>\n\ud83d\udd59 Naponta 9:30, 12:30, 15:30 \u00e9s 18:30.<br \/>\n\ud83e\uddc3 R\u00e1gcs\u00e1lnival\u00f3k \u00e9s italok.<br \/>\n\ud83d\udc65 Max. 11 vend\u00e9g.<br \/>\n\ud83e\udd3f Snorkel felszerel\u00e9s biztos\u00edtott.<br \/>\n\ud83e\udd11 Garant\u00e1ltan legjobb \u00e1r.<br \/>\n\ud83d\udc6a Kedvezm\u00e9nyek aktiv\u00e1lva.<br \/>\n\ud83d\udd01 Legfeljebb 24h lemond\u00e1s.<br \/>\n\ud83c\udf0d T\u00f6bbnyelv\u0171 \u00fatmutat\u00f3k.<br \/>\n\ud83c\udf1f Foglaljon most \u00e9s sp\u00f3roljon!<br \/>\n\ud83d\udccd Indul\u00e1s a <a href=\"https:\/\/www.google.com\/maps\/place\/Puerto+Col%C3%B3n\/@28.0783432,-16.7368735,18.52z\/data=!4m6!3m5!1s0xc6a9743509c9ebf:0xd62345524f768247!8m2!3d28.0789928!4d-16.7359737!16s%2Fg%2F11c6cqryw_?entry=tts\">Puerto Colon<\/a>.<\/p>","protected":false},"featured_media":8832,"comment_status":"open","ping_status":"closed","template":"","meta":{"_acf_changed":false},"product_brand":[],"product_cat":[47,46],"product_tag":[],"class_list":{"0":"post-8828","1":"product","2":"type-product","3":"status-publish","4":"has-post-thumbnail","6":"product_cat-boat-hire-tenerife","7":"product_cat-boat-excursions","8":"wcpa_has_options","10":"first","11":"instock","12":"sale","13":"virtual","14":"purchasable","15":"product-type-simple"},"acf":[],"wcpa_form_fields":{"wcpaData":{"product":{"product_price":60,"price_html":"From&nbsp;<del aria-hidden=\"true\"><span class=\"woocommerce-Price-amount amount\"><bdi>70,00&nbsp;<span class=\"woocommerce-Price-currencySymbol\">&euro;<\/span><\/bdi><\/span><\/del> <span class=\"screen-reader-text\">Az eredeti \u00e1r: 70,00&nbsp;&euro;.<\/span><ins aria-hidden=\"true\"><span class=\"woocommerce-Price-amount amount\"><bdi>60,00&nbsp;<span class=\"woocommerce-Price-currencySymbol\">&euro;<\/span><\/bdi><\/span><\/ins><span class=\"screen-reader-text\">A jelenlegi \u00e1r: 60,00&nbsp;&euro;.<\/span>","original_product_price":70,"price_including_tax":60,"price_excluding_tax":60,"product_id":{"parent":8828,"variation":false},"is_variable":false,"stock_status":"instock","stock_quantity":null,"parent_sku":"CV8828","product_attributes":[],"custom_fields":[],"is_taxable":false,"product_name":"Best SailBoat Tour & Charter Tenerife","hasImage":false},"fields":{"sec_3665ef407bcbad":{"extra":{"key":"sec_3665ef407bcbad","section_id":"sec_3665ef407bcbad","name":"Default","status":1,"cl_rule":"show","enableCl":false,"relations":[],"toggle":true,"title_tag":"h3","show_title":false,"showPrice":"default","form_id":11599,"form_rules":{"exclude_from_discount":true,"fee_label":"Fee","disp_hide_options_price":true,"disp_show_section_price":false,"disp_show_field_price":true,"layout_option":"standard","pric_use_as_fee":false,"process_fee_as":"woo_fee"},"layout_option":"standard"},"fields":[[{"label":"\ud83d\udcc5 Date","active":true,"required":true,"elementId":"date_5665ef407bcbce","picker_type":"custom","picker_mode":"single","placeholder":"","description":"","tooltip":"","name":"date_5665ef407bcbce","label_position":"default","desc_position":"default","enablePrice":false,"className":"","enableCl":false,"relations":[{"operator":"and","rules":[{"operator":"AND","rules":{"cl_field":"radio-group_7665ef407bcbdf","cl_relation":"is_not_empty","cl_val":"3 Hour Trip"}}]}],"date_pic_inline":true,"date_pic_inline_hide":true,"min_date":{"type":"days","val":"1"},"max_date":{"type":"days","val":"365"},"date_pic_conf":{"disabledWeeks":[]},"price":"","cl_rule":"show","col":6,"type":"date","error":false,"enableDesign":false,"LabelColor":"","date_conf_custom":{"minDate":"let d = new Date();\nlet hour = d.getHours();\n\nif (hour >= 20) {\n  d.setDate(d.getDate() + 2);\n} else if (hour >= 15) {\n  d.setDate(d.getDate() + 1);\n}\n\nreturn d;"},"isWeightTemplate":false,"isTemplate":false,"min_quantity":"1","quantity_decimal":false,"quantity_step":"1","quantity_label":"Quantity","repeater_field_label":"{field_label}","repeater_bind":"","gt_translate_keys":["label","placeholder","description","tooltip","repeater_field_label","quantity_label"],"price_dependency":false,"cl_dependency":["select_4665ef407bcbed"],"value":""}],[{"active":true,"col":6,"relations":[{"operator":false,"rules":[{"operator":"AND","rules":{"cl_field":"","cl_relation":"","cl_val":""}}]}],"cl_rule":"show","enableCl":false,"price":"","enablePrice":false,"className":"","label_position":"default","desc_position":"default","type":"radio-group","required":true,"elementId":"radio-group_7665ef407bcbdf","label":"\u231b\ufe0f Trip Duration","name":"radio-group_7665ef407bcbdf","values":[{"label":"3 Hour Shared Trip (60\u20ac)","value":"3 Hour Trip","selected":false,"tempId":"aco_32","description":"Whale and dolphin sightings. Includes food and drinks. Every day at 9:30, 12:30, 15:30 & 18:30.","gt_translate_keys":["label","description"]},{"label":"Private Charter (From 465\u20ac)","value":"Private Charter (From 400\u20ac)","selected":false,"tempId":"aco_33","description":"Enjoy exclusive tapas, drinks, and potential marine sightings for an unforgettable experience in Tenerife\u2019s waters. Private charters available from 3 to 7 hours.","gt_translate_keys":["label","description"]}],"layOut":"","error":false,"checkUi":"toggle","enableDesign":false,"scrollBar":false,"description":"","other":false,"options_description":true,"show_selected_option":false,"isWeightTemplate":false,"isTemplate":false,"min_quantity":"1","quantity_decimal":false,"quantity_step":"1","quantity_label":"Quantity","repeater_field_label":"{field_label}","repeater_bind":"","gt_translate_keys":["label","description","repeater_field_label","quantity_label"],"price_dependency":false,"cl_dependency":[false,false,"text_1795675936","text-9994649117"],"value":""}]]},"sec_1665ef407bcbe1":{"extra":{"key":"sec_1665ef407bcbe1","section_id":"sec_1665ef407bcbe1","name":"3H Shared Trip","status":1,"cl_rule":"show","enableCl":true,"relations":[{"operator":false,"rules":[{"operator":"AND","rules":{"cl_field":"radio-group_7665ef407bcbdf","cl_relation":"is","cl_val":"3 Hour Trip"}}]}],"toggle":true,"title_tag":"h4","show_title":false,"showPrice":"default","form_id":11599,"form_rules":{"exclude_from_discount":true,"fee_label":"Fee","disp_hide_options_price":true,"disp_show_section_price":false,"disp_show_field_price":true,"layout_option":"standard","pric_use_as_fee":false,"process_fee_as":"woo_fee"},"layout_option":"standard"},"fields":[[{"active":true,"col":6,"relations":[],"cl_rule":"show","enableCl":false,"price":"","enablePrice":false,"className":"","label_position":"default","desc_position":"default","type":"select","required":true,"elementId":"select_4665ef407bcbed","label":"\u23f0 Departure","name":"select_4665ef407bcbed","values":[{"label":"9:30","value":"9:30","selected":false,"tempId":"aco_380","gt_translate_keys":["label"]},{"label":"12:30","value":"12:30","selected":false,"tempId":"aco_381","gt_translate_keys":["label"]},{"label":"15:30","value":"15:30","selected":false,"tempId":"aco_382","gt_translate_keys":["label"]},{"label":"18:30 SUNSET","value":"18:30","selected":false,"tempId":"aco_19","options_cl":true,"relations":[{"operator":false,"rules":[{"operator":"AND","rules":{"cl_field":"date_5665ef407bcbce","cl_relation":"month_is","cl_val":[7,8]}}]}],"cl_rule":"show","gt_translate_keys":["label"]}],"dropdown_type":"basic","error":false,"placeholder":"Select Departure Time","priceOptions":"different_for_all","pricingType":"fixed","isTemplate":false,"isWeightTemplate":false,"min_quantity":"1","quantity_decimal":false,"quantity_step":"1","quantity_label":"Quantity","repeater_field_label":"{field_label}","repeater_bind":"","gt_translate_keys":["label","placeholder","repeater_field_label","quantity_label"],"price_dependency":false,"cl_dependency":false,"value":""}],[{"active":true,"col":6,"relations":false,"cl_rule":"show","enableCl":false,"price":"","enablePrice":false,"className":"","label_position":"default","desc_position":"default","type":"separator","required":false,"elementId":"separator_6665ef407bcbfa","label":"Separator Field","height":"10","separatorType":"blank","error":false,"gt_translate_keys":["label"],"price_dependency":false,"cl_dependency":false,"value":""}],[{"active":true,"col":6,"relations":false,"cl_rule":"show","enableCl":false,"price":"","enablePrice":false,"className":"","label_position":"default","desc_position":"default","type":"content","required":false,"elementId":"content_4665ef407bcc10","label":"People","name":"content_4665ef407bcc10","contentType":"plain","value":"","error":false,"show_in_checkout":true,"inline":false,"gt_translate_keys":["label","value"],"price_dependency":false,"cl_dependency":false}],[{"active":true,"col":6,"relations":[{"operator":false,"rules":[{"operator":"or","rules":{"cl_field":"select_4665ef407bcbed","cl_relation":"is_not_in","cl_val":["18:30"]}},{"operator":"AND","rules":{"cl_field":"select_4665ef407bcbed","cl_relation":"is_empty","cl_val":""}}]}],"cl_rule":"show","enableCl":false,"price":"60","enablePrice":true,"className":"","label_position":"default","desc_position":"default","type":"radio-group","required":false,"elementId":"radio-group_8665ef407bcc1c","label":"","name":"radio-group_8665ef407bcc1c","values":[{"label":"\ud83d\udc64 Adult (60\u20ac)","value":"Adult","selected":true,"tempId":"aco_32","tooltip":"+11 Years","description":"","gt_translate_keys":["label","tooltip","description"]}],"layOut":"","error":false,"checkUi":"button","priceOptions":"fixed_for_all","pricingType":"fixed","enable_quantity":true,"quantity_label":"","min_quantity":"0","options_tooltip":true,"options_description":true,"is_show_price":false,"gt_translate_keys":["label","quantity_label"],"price_dependency":false,"cl_dependency":false,"value":""}],[{"label":"","active":true,"required":false,"elementId":"radio-group_7665ef407bcc28","name":"radio-group_7665ef407bcc28","label_position":"default","desc_position":"default","enablePrice":true,"className":"","enableCl":false,"relations":false,"enable_quantity":true,"quantity_label":"","min_quantity":"0","checkUi":"button","layOut":"","values":[{"label":"\ud83d\udc66 Child (40\u20ac)","value":"Child","selected":true,"tempId":"aco_32","tooltip":"1-10 Years","description":"","gt_translate_keys":["label","tooltip","description"]}],"priceOptions":"fixed_for_all","pricingType":"fixed","price":"40","cl_rule":"show","col":6,"type":"radio-group","error":false,"options_tooltip":true,"options_description":true,"is_show_price":false,"gt_translate_keys":["label","quantity_label"],"price_dependency":false,"cl_dependency":false,"value":""}]]},"sec_4665ef407bcc60":{"extra":{"key":"sec_4665ef407bcc60","section_id":"sec_4665ef407bcc60","name":"Private Charter","status":1,"cl_rule":"show","enableCl":true,"relations":[{"operator":false,"rules":[{"operator":"AND","rules":{"cl_field":"radio-group_7665ef407bcbdf","cl_relation":"is","cl_val":"Private Charter (From 400\u20ac)"}}]}],"toggle":true,"title_tag":"h4","show_title":false,"showPrice":"default","form_id":11599,"form_rules":{"exclude_from_discount":true,"fee_label":"Fee","disp_hide_options_price":true,"disp_show_section_price":false,"disp_show_field_price":true,"layout_option":"standard","pric_use_as_fee":false,"process_fee_as":"woo_fee"},"layout_option":"standard"},"fields":[[{"label":"\u23f0 Departure","active":true,"required":true,"elementId":"select_5665ef407bcc6b","dropdown_type":"basic","name":"select_5665ef407bcc6b","label_position":"default","desc_position":"default","enablePrice":false,"className":"","enableCl":false,"relations":[{"operator":false,"rules":[{"operator":"AND","rules":{"cl_field":"radio-group_7665ef407bcbdf","cl_relation":"is","cl_val":"4.5 Hour Trip"}}]}],"values":[{"label":"Whichever Time is Best","value":"Whichever Time is Best","selected":false,"tempId":"aco_2693","gt_translate_keys":["label"]},{"label":"9:30","value":"9:30","selected":false,"tempId":"aco_2695","gt_translate_keys":["label"]},{"label":"12:30","value":"12:30","selected":false,"tempId":"aco_2696","gt_translate_keys":["label"]},{"label":"15:30","value":"15:30","selected":false,"tempId":"aco_1032","gt_translate_keys":["label"]},{"label":"18:30 (Sunset)","value":"18:30","selected":false,"tempId":"aco_1042","gt_translate_keys":["label"]}],"price":"","cl_rule":"show","col":6,"type":"select","error":false,"placeholder":"Select Departure Time","gt_translate_keys":["label","placeholder"],"price_dependency":false,"cl_dependency":false,"value":""}],[{"active":true,"col":6,"relations":false,"cl_rule":"show","enableCl":false,"price":"","enablePrice":true,"className":"","label_position":"default","desc_position":"default","type":"select","required":false,"elementId":"select_1665ef407bcc8a","label":"\u231b\ufe0f Charter Duration (From 465\u20ac)","name":"select_1665ef407bcc8a","values":[{"label":"3 Hours (465\u20ac)","value":"3","selected":false,"tempId":"aco_3241","price":"465","gt_translate_keys":["label"]},{"label":"4 Hours (615\u20ac)","value":"4","selected":false,"tempId":"aco_3640","price":"615","gt_translate_keys":["label"]},{"label":"5 Hours (765\u20ac)","value":"5","selected":false,"tempId":"aco_2139","price":"765","gt_translate_keys":["label"]},{"label":"6 Hours (915\u20ac)","value":"6","selected":false,"tempId":"aco_2149","price":"915","gt_translate_keys":["label"]},{"label":"7 Hours (1.065\u20ac)","value":"7","selected":false,"tempId":"aco_2393","price":"1065","gt_translate_keys":["label"]}],"dropdown_type":"basic","error":false,"placeholder":"Select Duration Time","priceOptions":"different_for_all","pricingType":"fixed","is_show_price":false,"gt_translate_keys":["label","placeholder"],"price_dependency":false,"cl_dependency":false,"value":""}],[{"active":true,"col":6,"relations":false,"cl_rule":"show","enableCl":false,"price":"","enablePrice":false,"className":"","label_position":"default","desc_position":"default","type":"select","required":false,"elementId":"select_2961068691","label":"\ud83d\udc65 Amount of People","name":"select_2961068691","values":[{"label":"1 person","value":"1 person","selected":false,"tempId":"aco_310","gt_translate_keys":["label"]},{"label":"2 people","value":"2 people","selected":false,"tempId":"aco_311","gt_translate_keys":["label"]},{"label":"3 people","value":"3 people","selected":false,"tempId":"aco_312","gt_translate_keys":["label"]},{"label":"4 people","value":"4 people","selected":false,"tempId":"aco_511","gt_translate_keys":["label"]},{"label":"5 people","value":"5 people","selected":false,"tempId":"aco_521","gt_translate_keys":["label"]},{"label":"6 people","value":"6 people","selected":false,"tempId":"aco_585","gt_translate_keys":["label"]},{"label":"7 people","value":"7 people","selected":false,"tempId":"aco_622","gt_translate_keys":["label"]},{"label":"8 people","value":"8 people","selected":false,"tempId":"aco_632","gt_translate_keys":["label"]},{"label":"9 people","value":"9 people","selected":false,"tempId":"aco_696","gt_translate_keys":["label"]},{"label":"10 people","value":"10 people","selected":false,"tempId":"aco_706","gt_translate_keys":["label"]},{"label":"11 people","value":"11 people","selected":false,"tempId":"aco_797","gt_translate_keys":["label"]}],"dropdown_type":"basic","error":false,"gt_translate_keys":["label"],"price_dependency":false,"cl_dependency":false,"value":""}]]},"sec_hz2j27m125":{"extra":{"key":"sec_hz2j27m125","section_id":"sec_hz2j27m125","name":"Pickup","status":1,"cl_rule":"show","enableCl":false,"relations":[{"operator":false,"rules":[{"operator":"AND","rules":{"cl_field":"radio-group_7665ef407bcbdf","cl_relation":"is_not_empty","cl_val":""}}]}],"toggle":true,"title_tag":"h4","show_title":false,"showPrice":"default","form_id":11599,"form_rules":{"exclude_from_discount":true,"fee_label":"Fee","disp_hide_options_price":true,"disp_show_section_price":false,"disp_show_field_price":true,"layout_option":"standard","pric_use_as_fee":false,"process_fee_as":"woo_fee"},"layout_option":"standard"},"fields":[[{"active":true,"col":6,"relations":false,"cl_rule":"show","enableCl":false,"price":"","enablePrice":false,"className":"","label_position":"default","desc_position":"default","type":"separator","required":false,"elementId":"separator_8900928281","label":"Separator Field","height":"4","separatorType":"blank","error":false,"gt_translate_keys":["label"],"price_dependency":false,"cl_dependency":false,"value":""}],[{"active":true,"col":6,"relations":[{"operator":false,"rules":[{"operator":"AND","rules":{"cl_field":"radio-group_7665ef407bcbdf","cl_relation":"is","cl_val":"Private Charter (From 400\u20ac)"}}]}],"cl_rule":"show","enableCl":true,"price":"","enablePrice":false,"className":"","label_position":"default","desc_position":"default","type":"text","subtype":"text","required":false,"elementId":"text_1795675936","label":"\ud83d\ude8c Pickup Location (+85\u20ac\/group)","name":"text_1795675936","value":"","description":"Pick-up service in Tenerife South from Golf del Sur to Los Gigantes. Availability depends on advance reservation timing and day, as the VAN has limited seats. If no pickup point is provided, you'll need to arrive at the starting point in Puerto Col\u00f3n on your own. The price is 85\u20ac extra per group paid at pickup. Simply provide your address or hotel name.","error":false,"gt_translate_keys":["label","description","value"],"price_dependency":false,"cl_dependency":false}],[{"label":"\ud83d\ude8c Pickup Location (+10\u20ac\/person)","active":true,"required":false,"elementId":"text-9994649117","value":"","description":"Pick-up service in Tenerife South from Los Cristianos to Playa Para\u00edso. Availability depends on advance reservation timing and day, as the VAN has limited seats. If no pickup point is provided, you'll need to arrive at the starting point in Puerto Col\u00f3n on your own. The price is 10\u20ac extra per person at arrival. Simply provide your address or hotel name.","name":"text-9994649117","label_position":"default","desc_position":"default","enablePrice":false,"className":"","enableCl":true,"relations":[{"operator":false,"rules":[{"operator":"AND","rules":{"cl_field":"radio-group_7665ef407bcbdf","cl_relation":"is","cl_val":"3 Hour Trip"}}]}],"subtype":"text","price":"","cl_rule":"show","col":6,"type":"text","error":false,"gt_translate_keys":["label","description","value"],"price_dependency":false,"cl_dependency":false}]]}},"config":{"price_override":"always","enable_recaptcha":false,"bind_quantity":false,"quantity_bind_formula":false,"disp_summ_show_option_price":true,"disp_summ_show_product_price":false,"disp_summ_show_total_price":true,"disp_summ_show_fee":true,"disp_summ_show_discount":true,"summary_title":"","options_total_label":"Options Price","total_label":"Total Amount","options_product_label":"Product Price","fee_label":"Fee","discount_label":"Discount","has_price":true,"has_quantity_formula":false},"mc_unit":1,"tax_rate":1,"tax_rate_real":1,"discount":{"percentage":0,"fixed":0},"design":{"conf":{"LabelPosition":"above","DescPosition":"above","UploadField":"custom_1","QuantityFieldStyle":"custom_1"},"css":{"LeftLabelWidth":"120px"}},"formulas":{"fmla_1708360988969136756":"(({field.select_1665ef407bcc8a.value}>=7)?(625):(({field.select_1665ef407bcc8a.value}>=6)?(550):(({field.select_1665ef407bcc8a.value}>=5)?(475):(({field.select_1665ef407bcc8a.value}>=4)?(400):(({field.select_1665ef407bcc8a.value}>=3)?(300):(0))))))","fmla_1708364241278155361":"(({field.select_1665ef407bcc8a.value}>=7)?(175):(({field.select_1665ef407bcc8a.value}>=6)?(150):(({field.select_1665ef407bcc8a.value}>=5)?(125):(({field.select_1665ef407bcc8a.value}>=4)?(100):(({field.select_1665ef407bcc8a.value}>=3)?(100):(0))))))"},"lookuptables":[],"clones":false,"cartKey":false}},"_links":{"self":[{"href":"https:\/\/canaryvip.com\/hu\/wp-json\/wp\/v2\/product\/8828","targetHints":{"allow":["GET"]}}],"collection":[{"href":"https:\/\/canaryvip.com\/hu\/wp-json\/wp\/v2\/product"}],"about":[{"href":"https:\/\/canaryvip.com\/hu\/wp-json\/wp\/v2\/types\/product"}],"replies":[{"embeddable":true,"href":"https:\/\/canaryvip.com\/hu\/wp-json\/wp\/v2\/comments?post=8828"}],"wp:featuredmedia":[{"embeddable":true,"href":"https:\/\/canaryvip.com\/hu\/wp-json\/wp\/v2\/media\/8832"}],"wp:attachment":[{"href":"https:\/\/canaryvip.com\/hu\/wp-json\/wp\/v2\/media?parent=8828"}],"wp:term":[{"taxonomy":"product_brand","embeddable":true,"href":"https:\/\/canaryvip.com\/hu\/wp-json\/wp\/v2\/product_brand?post=8828"},{"taxonomy":"product_cat","embeddable":true,"href":"https:\/\/canaryvip.com\/hu\/wp-json\/wp\/v2\/product_cat?post=8828"},{"taxonomy":"product_tag","embeddable":true,"href":"https:\/\/canaryvip.com\/hu\/wp-json\/wp\/v2\/product_tag?post=8828"}],"curies":[{"name":"wp","href":"https:\/\/api.w.org\/{rel}","templated":true}]}}