{"id":2508,"date":"2013-12-16T19:45:19","date_gmt":"2013-12-16T19:45:19","guid":{"rendered":"http:\/\/impreza.us-themes.net\/?page_id=2508"},"modified":"2026-03-05T00:37:55","modified_gmt":"2026-03-05T00:37:55","slug":"faq-page","status":"publish","type":"page","link":"https:\/\/canaryvip.com\/hu\/faq-page\/","title":{"rendered":"GYIK oldal"},"content":{"rendered":"<section class=\"l-section wpb_row us_custom_c70c97eb height_medium\"><div class=\"l-section-h i-cf\"><div class=\"g-cols vc_row via_flex valign_top type_default stacking_default\"><div class=\"vc_col-sm-4 wpb_column vc_column_container\"><div class=\"vc_column-inner\"><div class=\"wpb_wrapper\"><h1 class=\"w-text us_custom_613e5af5\"><span class=\"w-text-h\"><span class=\"w-text-value\">Gyakran ism\u00e9telt k\u00e9rd\u00e9sek<\/span><\/span><\/h1><div class=\"wpb_text_column\"><div class=\"wpb_wrapper\"><p>Minden, amit tudnia kell a kir\u00e1ndul\u00e1sok, t\u00far\u00e1k \u00e9s tev\u00e9kenys\u00e9gek foglal\u00e1s\u00e1r\u00f3l az CanaryVIP seg\u00edts\u00e9g\u00e9vel. Ha k\u00e9rd\u00e9s\u00e9re itt nem kap v\u00e1laszt, keressen minket WhatsAppon, e-mailben vagy telefonon, \u00e9s gyorsan v\u00e1laszolunk.<\/p>\n<\/div><\/div><\/div><\/div><\/div><div class=\"vc_col-sm-8 wpb_column vc_column_container\"><div class=\"vc_column-inner\"><div class=\"wpb_wrapper\"><div class=\"w-tabs style_default switch_click accordion remove_indents\" style=\"--sections-title-size:1.2rem\"><div class=\"w-tabs-sections titles-align_none icon_plus cpos_left\"><div class=\"w-tabs-section\" id=\"ic8b\" itemscope itemprop=\"mainEntity\" itemtype=\"https:\/\/schema.org\/Question\" style=\"background:var(--color-content-bg-alt);\"><button class=\"w-tabs-section-header\" aria-controls=\"content-ic8b\" aria-expanded=\"false\"><h6 class=\"w-tabs-section-title\" itemprop=\"name\">Hogyan m\u0171k\u00f6dik a foglal\u00e1s?<\/h6><div class=\"w-tabs-section-control\"><\/div><\/button><div  class=\"w-tabs-section-content\" id=\"content-ic8b\" itemscope itemprop=\"acceptedAnswer\" itemtype=\"https:\/\/schema.org\/Answer\"><div class=\"w-tabs-section-content-h i-cf\" itemprop=\"text\"><div class=\"wpb_text_column us_custom_0f088a09 has_text_color\"><div class=\"wpb_wrapper\"><p>V\u00e1lassza ki a k\u00edv\u00e1nt tev\u00e9kenys\u00e9get a weboldalunkon, v\u00e1lassza ki az id\u0151pontot \u00e9s a szem\u00e9lyek sz\u00e1m\u00e1t, majd t\u00f6ltse ki a p\u00e9nzt\u00e1rg\u00e9pet. Kap egy visszaigazol\u00f3 e-mailt, amelyben minden r\u00e9szlet szerepel: a tev\u00e9kenys\u00e9g neve, a d\u00e1tum, az id\u0151pont, a tal\u00e1lkoz\u00e1si pont \u00e9s minden, a naphoz sz\u00fcks\u00e9ges utas\u00edt\u00e1s.<\/p>\n<p>Egyes tev\u00e9kenys\u00e9gekn\u00e9l m\u00e1r most befizethetsz egy el\u0151leget, a t\u00f6bbit pedig a nap folyam\u00e1n rendezheted. M\u00e1sokn\u00e1l a teljes \u00f6sszeget el\u0151re kell fizetni. Ez egy\u00e9rtelm\u0171en fel van t\u00fcntetve az egyes tev\u00e9kenys\u00e9gek oldal\u00e1n, miel\u0151tt a p\u00e9nzt\u00e1rhoz fordulna.<\/p>\n<p>Javasoljuk, hogy a forgalmas id\u0151szakokban (j\u00falius, augusztus, kar\u00e1csony, h\u00fasv\u00e9t \u00e9s farsang) a lehet\u0151 legkor\u00e1bban foglaljon. Az olyan n\u00e9pszer\u0171 t\u00far\u00e1kra, mint a Freebird One katamar\u00e1n \u00e9s az Siam Park jegyek m\u00e1r napokkal kor\u00e1bban elfogyhatnak.<\/p>\n<\/div><\/div><\/div><\/div><\/div><div class=\"w-tabs-section\" id=\"ce27\" itemscope itemprop=\"mainEntity\" itemtype=\"https:\/\/schema.org\/Question\" style=\"background:var(--color-content-bg-alt);\"><button class=\"w-tabs-section-header\" aria-controls=\"content-ce27\" aria-expanded=\"false\"><h6 class=\"w-tabs-section-title\" itemprop=\"name\">Milyen fizet\u00e9si m\u00f3dokat fogad el?<\/h6><div class=\"w-tabs-section-control\"><\/div><\/button><div  class=\"w-tabs-section-content\" id=\"content-ce27\" itemscope itemprop=\"acceptedAnswer\" itemtype=\"https:\/\/schema.org\/Answer\"><div class=\"w-tabs-section-content-h i-cf\" itemprop=\"text\"><div class=\"wpb_text_column us_custom_0f088a09 has_text_color\"><div class=\"wpb_wrapper\"><p>A fizet\u00e9seket a Stripe \u00e9s a PayPal rendszereken kereszt\u00fcl bonyol\u00edtjuk le, amelyek mindkett\u0151 teljesen titkos\u00edtott \u00e9s biztons\u00e1gos. Fizethet Visa, Mastercard, American Express, Apple Pay, Google Pay, iDEAL, Revolut Pay \u00e9s a legt\u00f6bb m\u00e1s f\u0151bb fizet\u00e9si m\u00f3ddal.<\/p>\n<p>Minden tranzakci\u00f3 eur\u00f3ban (\u20ac) t\u00f6rt\u00e9nik. Ha a banksz\u00e1ml\u00e1ja m\u00e1s p\u00e9nznemben van, a bankja a szok\u00e1sos \u00e1rfolyamon fogja elv\u00e9gezni az \u00e1tv\u00e1lt\u00e1st.<\/p>\n<\/div><\/div><\/div><\/div><\/div><div class=\"w-tabs-section\" id=\"hfca\" itemscope itemprop=\"mainEntity\" itemtype=\"https:\/\/schema.org\/Question\" style=\"background:var(--color-content-bg-alt);\"><button class=\"w-tabs-section-header\" aria-controls=\"content-hfca\" aria-expanded=\"false\"><h6 class=\"w-tabs-section-title\" itemprop=\"name\">Elvisznek a sz\u00e1llod\u00e1mt\u00f3l?<\/h6><div class=\"w-tabs-section-control\"><\/div><\/button><div  class=\"w-tabs-section-content\" id=\"content-hfca\" itemscope itemprop=\"acceptedAnswer\" itemtype=\"https:\/\/schema.org\/Answer\"><div class=\"w-tabs-section-content-h i-cf\" itemprop=\"text\"><div class=\"wpb_text_column us_custom_0f088a09 has_text_color\"><div class=\"wpb_wrapper\"><p>Sz\u00e1mos tev\u00e9kenys\u00e9g\u00fcnkh\u00f6z tartozik a f\u0151 turisztikai ter\u00fcleteken kijel\u00f6lt meg\u00e1ll\u00f3helyeken t\u00f6rt\u00e9n\u0151 begy\u0171jt\u00e9s: Costa Adeje, Playa de las Am\u00e9ricas, Los Cristianos \u00e9s n\u00e9ha m\u00e1s z\u00f3n\u00e1k. A felsz\u00e1ll\u00e1si pont \u00e1ltal\u00e1ban egy j\u00f3l ismert nevezetess\u00e9g vagy buszmeg\u00e1ll\u00f3 a sz\u00e1ll\u00e1s\u00e1hoz k\u00f6zel, nem felt\u00e9tlen\u00fcl a sz\u00e1lloda bej\u00e1rata, mivel sok sz\u00e1lloda nem engedi meg az aut\u00f3buszok bejut\u00e1s\u00e1t a ter\u00fclet\u00e9re.<\/p>\n<p>A visszaigazol\u00f3 e-mail tartalmazza a pontos \u00e1tv\u00e9teli helyet \u00e9s id\u0151pontot. Ha a sz\u00e1ll\u00e1sod a standard \u00fatvonalon k\u00edv\u00fcl van (p\u00e9ld\u00e1ul Golf del Sur vagy Los Gigantes), l\u00e9pj vel\u00fcnk kapcsolatba, \u00e9s t\u00e1j\u00e9koztatunk a legk\u00f6zelebbi lehet\u0151s\u00e9gr\u0151l, vagy alternat\u00edv\u00e1kat aj\u00e1nlunk.<\/p>\n<p>A Puerto Col\u00f3nb\u00f3l vagy Los Cristianos kik\u00f6t\u0151j\u00e9b\u0151l indul\u00f3 haj\u00f3kir\u00e1ndul\u00e1sok eset\u00e9ben egyes t\u00far\u00e1kon a haj\u00f3\u00e9rt val\u00f3 felsz\u00e1ll\u00e1s is szerepel, m\u00edg m\u00e1sokon a kik\u00f6t\u0151be val\u00f3 eljut\u00e1st magadnak kell megoldanod. Ez mindig fel van t\u00fcntetve a tev\u00e9kenys\u00e9g oldal\u00e1n.<\/p>\n<\/div><\/div><\/div><\/div><\/div><div class=\"w-tabs-section\" id=\"w175\" itemscope itemprop=\"mainEntity\" itemtype=\"https:\/\/schema.org\/Question\" style=\"background:var(--color-content-bg-alt);\"><button class=\"w-tabs-section-header\" aria-controls=\"content-w175\" aria-expanded=\"false\"><h6 class=\"w-tabs-section-title\" itemprop=\"name\">Milyenek a lemond\u00e1si felt\u00e9telei?<\/h6><div class=\"w-tabs-section-control\"><\/div><\/button><div  class=\"w-tabs-section-content\" id=\"content-w175\" itemscope itemprop=\"acceptedAnswer\" itemtype=\"https:\/\/schema.org\/Answer\"><div class=\"w-tabs-section-content-h i-cf\" itemprop=\"text\"><div class=\"wpb_text_column us_custom_0f088a09 has_text_color\"><div class=\"wpb_wrapper\"><p>A legt\u00f6bb tev\u00e9kenys\u00e9get teljes visszat\u00e9r\u00edt\u00e9ssel lehet lemondani, ha legal\u00e1bb a k\u00f6vetkez\u0151 id\u0151pontban \u00e9rtes\u00edt minket. <strong>48 \u00f3r\u00e1val a tervezett kezd\u00e9si id\u0151pont el\u0151tt<\/strong>. Egyes bonyolultabb logisztik\u00e1j\u00fa tev\u00e9kenys\u00e9gek (priv\u00e1t charterek, nagycsoportos foglal\u00e1sok) 72 \u00f3r\u00e1val vagy ann\u00e1l hosszabb id\u0151re sz\u00f3l\u00f3 \u00e9rtes\u00edt\u00e9st ig\u00e9nyelhetnek. A konkr\u00e9t lemond\u00e1si ablak mindig a tev\u00e9kenys\u00e9g oldal\u00e1n l\u00e1that\u00f3.<\/p>\n<p>A vissza nem t\u00e9r\u00edtend\u0151 id\u0151n bel\u00fcl (\u00e1ltal\u00e1ban kevesebb mint 48 \u00f3r\u00e1n bel\u00fcl) t\u00f6rt\u00e9nt lemond\u00e1sok nem jogosultak visszat\u00e9r\u00edt\u00e9sre. Az ugyanazon a napon t\u00f6rt\u00e9n\u0151 lemond\u00e1sok \u00e9s meg nem jelen\u00e9sek nem t\u00e9r\u00edthet\u0151k vissza, mivel a szolg\u00e1ltat\u00f3 m\u00e1r lefoglalta a szem\u00e9lyzetet, a felszerel\u00e9st \u00e9s a helyet az \u00d6n foglal\u00e1s\u00e1hoz.<\/p>\n<p>Ha valami v\u00e1ratlan dolog t\u00f6rt\u00e9nik, l\u00e9pjen kapcsolatba vel\u00fcnk, amint lehet. A tev\u00e9kenys\u00e9gt\u0151l \u00e9s a szolg\u00e1ltat\u00f3t\u00f3l f\u00fcgg\u0151en el\u0151fordulhat, hogy a teljes lemond\u00e1s helyett \u00e1t tudjuk helyezni egy m\u00e1sik id\u0151pontra.<\/p>\n<\/div><\/div><\/div><\/div><\/div><div class=\"w-tabs-section\" id=\"t30e\" itemscope itemprop=\"mainEntity\" itemtype=\"https:\/\/schema.org\/Question\" style=\"background:var(--color-content-bg-alt);\"><button class=\"w-tabs-section-header\" aria-controls=\"content-t30e\" aria-expanded=\"false\"><h6 class=\"w-tabs-section-title\" itemprop=\"name\">Mi t\u00f6rt\u00e9nik, ha a rossz id\u0151j\u00e1r\u00e1s miatt elmarad a tev\u00e9kenys\u00e9gem?<\/h6><div class=\"w-tabs-section-control\"><\/div><\/button><div  class=\"w-tabs-section-content\" id=\"content-t30e\" itemscope itemprop=\"acceptedAnswer\" itemtype=\"https:\/\/schema.org\/Answer\"><div class=\"w-tabs-section-content-h i-cf\" itemprop=\"text\"><div class=\"wpb_text_column us_custom_0f088a09 has_text_color\"><div class=\"wpb_wrapper\"><p>A biztons\u00e1g a d\u00f6nt\u0151 t\u00e9nyez\u0151. Ha a tengeri viszonyok, a sz\u00e9l vagy az id\u0151j\u00e1r\u00e1s miatt a tev\u00e9kenys\u00e9g nem biztons\u00e1gos, az \u00fczemeltet\u0151 lemondja azt, \u00e9s mi felvessz\u00fck \u00d6nnel a kapcsolatot, hogy egy m\u00e1sik id\u0151pontot aj\u00e1nljunk fel. Ha az \u00d6n tart\u00f3zkod\u00e1sa alatt nem \u00e1ll rendelkez\u00e9sre megfelel\u0151 id\u0151pont, akkor teljes visszat\u00e9r\u00edt\u00e9st kap.<\/p>\n<p>Ez akkor \u00e9rv\u00e9nyes, ha az \u00fczemeltet\u0151 \u00fagy \u00edt\u00e9li meg, hogy a k\u00f6r\u00fclm\u00e9nyek nem biztons\u00e1gosak, nem pedig akkor, ha egyszer\u0171en csak borult vagy enyh\u00e9n szeles az id\u0151. Tenerife d\u00e9li partvid\u00e9k\u00e9n eg\u00e9sz \u00e9vben enyhe az \u00e9ghajlat, \u00e9s a legt\u00f6bb tev\u00e9kenys\u00e9g az \u00e9v t\u00f6bb mint 350 napj\u00e1n zajlik. Az id\u0151j\u00e1r\u00e1s miatti lemond\u00e1sok ritk\u00e1k, de id\u0151nk\u00e9nt el\u0151fordulnak, k\u00fcl\u00f6n\u00f6sen a t\u00e9li viharok idej\u00e9n a haj\u00f3kir\u00e1ndul\u00e1sok eset\u00e9ben.<\/p>\n<\/div><\/div><\/div><\/div><\/div><div class=\"w-tabs-section\" id=\"t4ab\" itemscope itemprop=\"mainEntity\" itemtype=\"https:\/\/schema.org\/Question\" style=\"background:var(--color-content-bg-alt);\"><button class=\"w-tabs-section-header\" aria-controls=\"content-t4ab\" aria-expanded=\"false\"><h6 class=\"w-tabs-section-title\" itemprop=\"name\">A tev\u00e9kenys\u00e9gek alkalmasak-e gyermekek sz\u00e1m\u00e1ra?<\/h6><div class=\"w-tabs-section-control\"><\/div><\/button><div  class=\"w-tabs-section-content\" id=\"content-t4ab\" itemscope itemprop=\"acceptedAnswer\" itemtype=\"https:\/\/schema.org\/Answer\"><div class=\"w-tabs-section-content-h i-cf\" itemprop=\"text\"><div class=\"wpb_text_column us_custom_0f088a09 has_text_color\"><div class=\"wpb_wrapper\"><p>Sz\u00e1mos tev\u00e9kenys\u00e9g\u00fcnk kiv\u00e1l\u00f3an alkalmas csal\u00e1dok sz\u00e1m\u00e1ra. Minden list\u00e1n felt\u00fcntetj\u00fck az aj\u00e1nlott als\u00f3 korhat\u00e1rt \u00e9s az esetleges speci\u00e1lis k\u00f6vetelm\u00e9nyeket (magass\u00e1gi korl\u00e1toz\u00e1sok a v\u00edzi parkokn\u00e1l, \u00fasz\u00f3k\u00e9pess\u00e9g a v\u00edzi sportokn\u00e1l stb.).<\/p>\n<p>\u00c1ltal\u00e1nos \u00fatmutat\u00e1sk\u00e9nt: a csal\u00e1dok k\u00f6r\u00e9ben n\u00e9pszer\u0171ek a b\u00e1lnafigyel\u0151 haj\u00f3kir\u00e1ndul\u00e1sok, a vid\u00e1mparki jegyek (Siam Park, Loro Parque), a vezetett buszos t\u00far\u00e1k \u00e9s a kajakt\u00far\u00e1k. A jet ski t\u00far\u00e1kon \u00e1ltal\u00e1ban 16 \u00e9v felettinek kell lenni\u00fck a r\u00e9sztvev\u0151knek (vagy feln\u0151tt utask\u00e9nt kell utazniuk). A quad- \u00e9s buggy-szafarikra jellemz\u0151en 18 \u00e9ves korig kell vezetni, a gyerekek pedig utask\u00e9nt utazhatnak.<\/p>\n<p>Ha nem vagy biztos benne, hogy valami megfelel\u0151-e a gyerekeidnek, k\u00fcldj nek\u00fcnk egy \u00fczenetet a korukkal egy\u00fctt, \u00e9s mi \u0151szinte aj\u00e1nl\u00e1st adunk neked.<\/p>\n<\/div><\/div><\/div><\/div><\/div><div class=\"w-tabs-section\" id=\"o631\" itemscope itemprop=\"mainEntity\" itemtype=\"https:\/\/schema.org\/Question\" style=\"background:var(--color-content-bg-alt);\"><button class=\"w-tabs-section-header\" aria-controls=\"content-o631\" aria-expanded=\"false\"><h6 class=\"w-tabs-section-title\" itemprop=\"name\">Mi t\u00f6rt\u00e9nik, ha a k\u00edv\u00e1nt id\u0151pontom m\u00e1r elfogyott?<\/h6><div class=\"w-tabs-section-control\"><\/div><\/button><div  class=\"w-tabs-section-content\" id=\"content-o631\" itemscope itemprop=\"acceptedAnswer\" itemtype=\"https:\/\/schema.org\/Answer\"><div class=\"w-tabs-section-content-h i-cf\" itemprop=\"text\"><div class=\"wpb_text_column us_custom_0f088a09 has_text_color\"><div class=\"wpb_wrapper\"><p>Ha a k\u00edv\u00e1nt id\u0151pont nem el\u00e9rhet\u0151, l\u00e9pjen kapcsolatba vel\u00fcnk. K\u00f6zvetlen\u00fcl a szolg\u00e1ltat\u00f3val egyeztethet\u00fcnk az utols\u00f3 pillanatban rendelkez\u00e9sre \u00e1ll\u00f3 helyekr\u0151l, javasolhatunk egy hasonl\u00f3 alternat\u00edv tev\u00e9kenys\u00e9get, vagy v\u00e1r\u00f3list\u00e1ra tehetj\u00fck \u00d6nt, ha esetleg felszabadulna egy hely. Nem sz\u00e1m\u00edtunk fel semmit, hacsak nem tudjuk meger\u0151s\u00edteni a foglal\u00e1st, amellyel el\u00e9gedett.<\/p>\n<\/div><\/div><\/div><\/div><\/div><div class=\"w-tabs-section\" id=\"t7c0\" itemscope itemprop=\"mainEntity\" itemtype=\"https:\/\/schema.org\/Question\" style=\"background:var(--color-content-bg-alt);\"><button class=\"w-tabs-section-header\" aria-controls=\"content-t7c0\" aria-expanded=\"false\"><h6 class=\"w-tabs-section-title\" itemprop=\"name\">K\u00edn\u00e1lnak-e legjobb \u00e1rgaranci\u00e1t?<\/h6><div class=\"w-tabs-section-control\"><\/div><\/button><div  class=\"w-tabs-section-content\" id=\"content-t7c0\" itemscope itemprop=\"acceptedAnswer\" itemtype=\"https:\/\/schema.org\/Answer\"><div class=\"w-tabs-section-content-h i-cf\" itemprop=\"text\"><div class=\"wpb_text_column us_custom_0f088a09 has_text_color\"><div class=\"wpb_wrapper\"><p>Igen. Ha ugyanazt a tev\u00e9kenys\u00e9get alacsonyabb \u00e1ron tal\u00e1lja egy m\u00e1sik weboldalon vagy foglal\u00e1si platformon, tudassa vel\u00fcnk, \u00e9s mi mindent megtesz\u00fcnk, hogy megegyezz\u00fcnk vele, vagy fel\u00fclm\u00faljuk azt. Az \u00f6sszehasonl\u00edt\u00e1snak ugyanarra az \u00fczemeltet\u0151re, ugyanarra az id\u0151pontra \u00e9s ugyanarra a szolg\u00e1ltat\u00e1sra kell vonatkoznia. <a href=\"https:\/\/canaryvip.com\/hu\/best-guaranteed-price-policy\/\">Az \u00e1r\u00edg\u00e9ret\u00fcnk teljes r\u00e9szleteit itt tal\u00e1lja.<\/a><\/p>\n<\/div><\/div><\/div><\/div><\/div><div class=\"w-tabs-section\" id=\"j943\" itemscope itemprop=\"mainEntity\" itemtype=\"https:\/\/schema.org\/Question\" style=\"background:var(--color-content-bg-alt);\"><button class=\"w-tabs-section-header\" aria-controls=\"content-j943\" aria-expanded=\"false\"><h6 class=\"w-tabs-section-title\" itemprop=\"name\">Foglalhatok egyszerre t\u00f6bb tev\u00e9kenys\u00e9get is?<\/h6><div class=\"w-tabs-section-control\"><\/div><\/button><div  class=\"w-tabs-section-content\" id=\"content-j943\" itemscope itemprop=\"acceptedAnswer\" itemtype=\"https:\/\/schema.org\/Answer\"><div class=\"w-tabs-section-content-h i-cf\" itemprop=\"text\"><div class=\"wpb_text_column us_custom_0f088a09 has_text_color\"><div class=\"wpb_wrapper\"><p>Igen. Adjon hozz\u00e1 annyi tev\u00e9kenys\u00e9get a kosar\u00e1hoz, amennyit csak szeretne, \u00e9s fizessen ki egy menetben. Ez a legegyszer\u0171bb m\u00f3dja annak, hogy t\u00f6bb napos kir\u00e1ndul\u00e1sokat tervezzen k\u00fcl\u00f6n tranzakci\u00f3k n\u00e9lk\u00fcl. Minden egyes tev\u00e9kenys\u00e9gnek saj\u00e1t visszaigazol\u00e1sa lesz, egyedi r\u00e9szletekkel \u00e9s \u00e1tv\u00e9teli id\u0151pontokkal.<\/p>\n<\/div><\/div><\/div><\/div><\/div><div class=\"w-tabs-section\" id=\"vac6\" itemscope itemprop=\"mainEntity\" itemtype=\"https:\/\/schema.org\/Question\" style=\"background:var(--color-content-bg-alt);\"><button class=\"w-tabs-section-header\" aria-controls=\"content-vac6\" aria-expanded=\"false\"><h6 class=\"w-tabs-section-title\" itemprop=\"name\">K\u00edn\u00e1lnak csoportos \u00e1rakat?<\/h6><div class=\"w-tabs-section-control\"><\/div><\/button><div  class=\"w-tabs-section-content\" id=\"content-vac6\" itemscope itemprop=\"acceptedAnswer\" itemtype=\"https:\/\/schema.org\/Answer\"><div class=\"w-tabs-section-content-h i-cf\" itemprop=\"text\"><div class=\"wpb_text_column us_custom_0f088a09 has_text_color\"><div class=\"wpb_wrapper\"><p>Nagyobb csoportok (jellemz\u0151en 10+ f\u0151) sz\u00e1m\u00e1ra k\u00fcl\u00f6nleges \u00e1rakat \u00e9s szem\u00e9lyre szabott logisztik\u00e1t tudunk biztos\u00edtani. Ez vonatkozik a mag\u00e1nhaj\u00f3 charterekre, vezetett t\u00far\u00e1kra, v\u00e1llalati kir\u00e1ndul\u00e1sokra \u00e9s t\u00f6bb tev\u00e9kenys\u00e9get tartalmaz\u00f3 csomagokra. Vegye fel vel\u00fcnk a kapcsolatot a csoport m\u00e9ret\u00e9vel, a k\u00edv\u00e1nt tev\u00e9kenys\u00e9gekkel \u00e9s id\u0151pontokkal, \u00e9s mi \u00f6ssze\u00e1ll\u00edtunk egy szem\u00e9lyre szabott aj\u00e1nlatot.<\/p>\n<\/div><\/div><\/div><\/div><\/div><div class=\"w-tabs-section\" id=\"tc7a\" itemscope itemprop=\"mainEntity\" itemtype=\"https:\/\/schema.org\/Question\" style=\"background:var(--color-content-bg-alt);\"><button class=\"w-tabs-section-header\" aria-controls=\"content-tc7a\" aria-expanded=\"false\"><h6 class=\"w-tabs-section-title\" itemprop=\"name\">Mit hozzak magammal aznapra?<\/h6><div class=\"w-tabs-section-control\"><\/div><\/button><div  class=\"w-tabs-section-content\" id=\"content-tc7a\" itemscope itemprop=\"acceptedAnswer\" itemtype=\"https:\/\/schema.org\/Answer\"><div class=\"w-tabs-section-content-h i-cf\" itemprop=\"text\"><div class=\"wpb_text_column us_custom_0f088a09 has_text_color\"><div class=\"wpb_wrapper\"><p>Minden egyes tev\u00e9kenys\u00e9goldal konkr\u00e9t aj\u00e1nl\u00e1sokat tartalmaz, de \u00e1ltal\u00e1nos szab\u00e1lyk\u00e9nt:<\/p>\n<p><strong>Haj\u00f3kir\u00e1ndul\u00e1sok \u00e9s v\u00edzi sportok:<\/strong> F\u00fcrd\u0151ruha, t\u00f6r\u00f6lk\u00f6z\u0151, naptej (magas faktorsz\u00e1m\u00fa), napszem\u00fcveg, k\u00f6nny\u0171 kab\u00e1t vagy kapucnis pul\u00f3ver (a tengeren h\u0171v\u00f6sebb, mint a parton), \u00e9s tengeribetegs\u00e9g elleni tabletta, ha hajlamos vagy a tengeri betegs\u00e9gre. A b\u00fav\u00e1rfelszerel\u00e9st \u00e1ltal\u00e1ban biztos\u00edtj\u00e1k.<\/p>\n<p><strong>T\u00far\u00e1z\u00e1s \u00e9s sz\u00e1razf\u00f6ldi t\u00far\u00e1k (Teide, Anaga, dzsip szafari):<\/strong> Stabil, z\u00e1rt cip\u0151, napv\u00e9d\u0151, v\u00edz, \u00e9s egy meleg r\u00e9teg a magaslatra. A Teide 15-20 \u00b0C-kal hidegebb lehet, mint a tengerparton.<\/p>\n<p><strong>Vid\u00e1mparkok:<\/strong> K\u00e9nyelmes ruh\u00e1zat, f\u00fcrd\u0151ruha (a v\u00edzi parkok eset\u00e9ben) \u00e9s v\u00edzi cip\u0151 hasznos. A napv\u00e9delem elengedhetetlen. A legt\u00f6bb parkban szekr\u00e9nyek \u00e1llnak rendelkez\u00e9sre.<\/p>\n<p>Minden tev\u00e9kenys\u00e9gre kiterjed\u0151en: vigye mag\u00e1val a telefonj\u00e1t a fot\u00f3khoz, de a v\u00edzben val\u00f3 tart\u00f3zkod\u00e1shoz fontolja meg egy v\u00edz\u00e1ll\u00f3 tok beszerz\u00e9s\u00e9t.<\/p>\n<\/div><\/div><\/div><\/div><\/div><div class=\"w-tabs-section\" id=\"pe0b\" itemscope itemprop=\"mainEntity\" itemtype=\"https:\/\/schema.org\/Question\" style=\"background:var(--color-content-bg-alt);\"><button class=\"w-tabs-section-header\" aria-controls=\"content-pe0b\" aria-expanded=\"false\"><h6 class=\"w-tabs-section-title\" itemprop=\"name\">Mi van, ha k\u00e9s\u00e9sben vagyok az \u00e1tv\u00e9telr\u0151l?<\/h6><div class=\"w-tabs-section-control\"><\/div><\/button><div  class=\"w-tabs-section-content\" id=\"content-pe0b\" itemscope itemprop=\"acceptedAnswer\" itemtype=\"https:\/\/schema.org\/Answer\"><div class=\"w-tabs-section-content-h i-cf\" itemprop=\"text\"><div class=\"wpb_text_column us_custom_0f088a09 has_text_color\"><div class=\"wpb_wrapper\"><p>Vegye fel vel\u00fcnk a kapcsolatot azonnal WhatsAppon vagy telefonon. Megpr\u00f3b\u00e1ljuk el\u00e9rni a vezet\u0151t vagy a szolg\u00e1ltat\u00f3t, hogy megold\u00e1st tal\u00e1ljunk. A menetrend szerinti k\u00f6zleked\u00e9ssel j\u00e1r\u00f3 tev\u00e9kenys\u00e9gek (buszos t\u00far\u00e1k, k\u00f6z\u00f6s felsz\u00e1ll\u00e1sok) azonban nem tarthatj\u00e1k vissza az egyes utasok indul\u00e1s\u00e1t, mivel ez az utaz\u00e1son r\u00e9szt vev\u0151 \u00f6sszes t\u00f6bbi utasra hat\u00e1ssal van. Ha a j\u00e1rm\u0171 m\u00e1r elindult, mindent megtesz\u00fcnk, hogy \u00d6n \u00f6n\u00e1ll\u00f3an eljusson a tev\u00e9kenys\u00e9g helysz\u00edn\u00e9re, de ezt nem tudjuk garant\u00e1lni.<\/p>\n<p>Ha 5-10 perccel kor\u00e1bban \u00e9rkezik a felv\u00e9teli pontra, elker\u00fclhet\u0151 a stressz.<\/p>\n<\/div><\/div><\/div><\/div><\/div><div class=\"w-tabs-section\" id=\"ef9a\" itemscope itemprop=\"mainEntity\" itemtype=\"https:\/\/schema.org\/Question\" style=\"background:var(--color-content-bg-alt);\"><button class=\"w-tabs-section-header\" aria-controls=\"content-ef9a\" aria-expanded=\"false\"><h6 class=\"w-tabs-section-title\" itemprop=\"name\">Mi van, ha egy\u00e1ltal\u00e1n nem jelenek meg?<\/h6><div class=\"w-tabs-section-control\"><\/div><\/button><div  class=\"w-tabs-section-content\" id=\"content-ef9a\" itemscope itemprop=\"acceptedAnswer\" itemtype=\"https:\/\/schema.org\/Answer\"><div class=\"w-tabs-section-content-h i-cf\" itemprop=\"text\"><div class=\"wpb_text_column us_custom_0f088a09 has_text_color\"><div class=\"wpb_wrapper\"><p>A meg nem jelen\u0151k nem jogosultak visszat\u00e9r\u00edt\u00e9sre. A szolg\u00e1ltat\u00f3 a szem\u00e9lyzetet, a felszerel\u00e9st \u00e9s a kapacit\u00e1st kifejezetten az \u00d6n foglal\u00e1s\u00e1ra tartotta fenn, \u00e9s ezt a helyet felaj\u00e1nlhatta volna egy m\u00e1sik vend\u00e9gnek. Ha el\u0151re tudja, hogy nem tud elj\u00f6nni, l\u00e9pjen kapcsolatba vel\u00fcnk a lemond\u00e1si hat\u00e1rid\u0151 el\u0151tt, \u00e9s mi vagy \u00e1trendezz\u00fck a programot, vagy visszat\u00e9r\u00edt\u00e9s mellett lemondjuk (az adott tev\u00e9kenys\u00e9gre vonatkoz\u00f3 felt\u00e9telek szerint).<\/p>\n<\/div><\/div><\/div><\/div><\/div><div class=\"w-tabs-section\" id=\"h134\" itemscope itemprop=\"mainEntity\" itemtype=\"https:\/\/schema.org\/Question\" style=\"background:var(--color-content-bg-alt);\"><button class=\"w-tabs-section-header\" aria-controls=\"content-h134\" aria-expanded=\"false\"><h6 class=\"w-tabs-section-title\" itemprop=\"name\">Fogyat\u00e9kkal vagy mozg\u00e1skorl\u00e1tozotts\u00e1ggal rendelkezem. R\u00e9szt vehetek m\u00e9g?<\/h6><div class=\"w-tabs-section-control\"><\/div><\/button><div  class=\"w-tabs-section-content\" id=\"content-h134\" itemscope itemprop=\"acceptedAnswer\" itemtype=\"https:\/\/schema.org\/Answer\"><div class=\"w-tabs-section-content-h i-cf\" itemprop=\"text\"><div class=\"wpb_text_column us_custom_0f088a09 has_text_color\"><div class=\"wpb_wrapper\"><p>Sz\u00e1mos tev\u00e9kenys\u00e9g\u00fcnkben a mozg\u00e1skorl\u00e1tozott vagy speci\u00e1lis ig\u00e9ny\u0171 vend\u00e9gek is r\u00e9szt vehetnek, de ez a tev\u00e9kenys\u00e9gt\u0151l \u00e9s a szolg\u00e1ltat\u00f3 l\u00e9tes\u00edtm\u00e9nyeit\u0151l f\u00fcgg. A foglal\u00e1skor (vagy el\u0151zetesen) t\u00e1j\u00e9koztasson minket az ig\u00e9nyeir\u0151l, \u00e9s mi k\u00f6zvetlen\u00fcl a szervez\u0151vel egyeztet\u00fcnk. Ink\u00e1bb adunk el\u0151re \u0151szinte v\u00e1laszt, minthogy meg\u00e9rkezzen \u00e9s csal\u00f3dnia kelljen.<\/p>\n<p>A haj\u00f3kir\u00e1ndul\u00e1sokhoz a legt\u00f6bb nagyobb katamar\u00e1nnak van s\u00edk fed\u00e9lzeti hozz\u00e1f\u00e9r\u00e9se. N\u00e9h\u00e1ny kisebb haj\u00f3ra nehezebb lehet felsz\u00e1llni. A vid\u00e1mparkok a helysz\u00ednen saj\u00e1t akad\u00e1lymentes\u00edt\u00e9si inform\u00e1ci\u00f3kkal rendelkeznek. A vezetett buszos t\u00far\u00e1k \u00e1ltal\u00e1ban akad\u00e1lymentesek. A v\u00edzi sportok sz\u00e9les sk\u00e1l\u00e1n mozognak, ez\u00e9rt k\u00e9rj\u00fck, \u00e9rdekl\u0151dj\u00f6n, \u00e9s mi tan\u00e1csot adunk.<\/p>\n<\/div><\/div><\/div><\/div><\/div><div class=\"w-tabs-section\" id=\"x2b8\" itemscope itemprop=\"mainEntity\" itemtype=\"https:\/\/schema.org\/Question\" style=\"background:var(--color-content-bg-alt);\"><button class=\"w-tabs-section-header\" aria-controls=\"content-x2b8\" aria-expanded=\"false\"><h6 class=\"w-tabs-section-title\" itemprop=\"name\">Van egy di\u00e9t\u00e1s korl\u00e1toz\u00e1som. Ez probl\u00e9m\u00e1t jelenthet?<\/h6><div class=\"w-tabs-section-control\"><\/div><\/button><div  class=\"w-tabs-section-content\" id=\"content-x2b8\" itemscope itemprop=\"acceptedAnswer\" itemtype=\"https:\/\/schema.org\/Answer\"><div class=\"w-tabs-section-content-h i-cf\" itemprop=\"text\"><div class=\"wpb_text_column us_custom_0f088a09 has_text_color\"><div class=\"wpb_wrapper\"><p>Ha a tev\u00e9kenys\u00e9g \u00e9tel- vagy italfogyaszt\u00e1st tartalmaz (sok haj\u00f3s kir\u00e1ndul\u00e1s tartalmaz), a foglal\u00e1skor t\u00e1j\u00e9koztasson minket az esetleges allergi\u00e1r\u00f3l vagy di\u00e9t\u00e1s ig\u00e9ny\u00e9r\u0151l. Ezt tov\u00e1bb\u00edtjuk a szolg\u00e1ltat\u00f3nak, hogy megfelel\u0151en fel tudjanak k\u00e9sz\u00fclni. Az olyan gyakori k\u00e9r\u00e9sek, mint a veget\u00e1ri\u00e1nus, veg\u00e1n, glut\u00e9nmentes vagy halal \u00e9telek \u00e1ltal\u00e1ban teljes\u00edthet\u0151k el\u0151zetes \u00e9rtes\u00edt\u00e9ssel.<\/p>\n<\/div><\/div><\/div><\/div><\/div><div class=\"w-tabs-section\" id=\"i43a\" itemscope itemprop=\"mainEntity\" itemtype=\"https:\/\/schema.org\/Question\" style=\"background:var(--color-content-bg-alt);\"><button class=\"w-tabs-section-header\" aria-controls=\"content-i43a\" aria-expanded=\"false\"><h6 class=\"w-tabs-section-title\" itemprop=\"name\">Hogyan haszn\u00e1lhatom fel a kedvezm\u00e9nyk\u00f3dot?<\/h6><div class=\"w-tabs-section-control\"><\/div><\/button><div  class=\"w-tabs-section-content\" id=\"content-i43a\" itemscope itemprop=\"acceptedAnswer\" itemtype=\"https:\/\/schema.org\/Answer\"><div class=\"w-tabs-section-content-h i-cf\" itemprop=\"text\"><div class=\"wpb_text_column us_custom_0f088a09 has_text_color\"><div class=\"wpb_wrapper\"><p>\u00cdrja be a k\u00f3dot a prom\u00f3ci\u00f3s k\u00f3d mez\u0151be a p\u00e9nzt\u00e1rn\u00e1l, \u00e9s a kedvezm\u00e9nyt a fizet\u00e9s el\u0151tt a teljes \u00f6sszegre alkalmazzuk. A k\u00f3dok a nagy- \u00e9s kisbet\u0171ket megk\u00fcl\u00f6nb\u00f6ztetik, \u00e9s lej\u00e1rati id\u0151vel rendelkeznek. Ha a k\u00f3dod nem m\u0171k\u00f6dik, ellen\u0151rizd, hogy nincs-e elg\u00e9pelve, vagy vedd fel vel\u00fcnk a kapcsolatot, \u00e9s mi megoldjuk.<\/p>\n<\/div><\/div><\/div><\/div><\/div><div class=\"w-tabs-section\" id=\"x5c4\" itemscope itemprop=\"mainEntity\" itemtype=\"https:\/\/schema.org\/Question\" style=\"background:var(--color-content-bg-alt);\"><button class=\"w-tabs-section-header\" aria-controls=\"content-x5c4\" aria-expanded=\"false\"><h6 class=\"w-tabs-section-title\" itemprop=\"name\">Hiba van a foglal\u00e1somban. Mit kell tennem?<\/h6><div class=\"w-tabs-section-control\"><\/div><\/button><div  class=\"w-tabs-section-content\" id=\"content-x5c4\" itemscope itemprop=\"acceptedAnswer\" itemtype=\"https:\/\/schema.org\/Answer\"><div class=\"w-tabs-section-content-h i-cf\" itemprop=\"text\"><div class=\"wpb_text_column us_custom_0f088a09 has_text_color\"><div class=\"wpb_wrapper\"><p>Vegye fel vel\u00fcnk a kapcsolatot, amint \u00e9szreveszi a hib\u00e1t. Legyen sz\u00f3 rossz d\u00e1tumr\u00f3l, a r\u00e9sztvev\u0151k helytelen sz\u00e1m\u00e1r\u00f3l vagy a n\u00e9v helyes\u00edr\u00e1si hib\u00e1j\u00e1r\u00f3l, a legt\u00f6bb probl\u00e9m\u00e1t gyorsan ki tudjuk jav\u00edtani. Min\u00e9l hamarabb sz\u00f3lsz nek\u00fcnk, ann\u00e1l k\u00f6nnyebb megoldani a probl\u00e9m\u00e1t an\u00e9lk\u00fcl, hogy az befoly\u00e1soln\u00e1 a terveidet.<\/p>\n<\/div><\/div><\/div><\/div><\/div><div class=\"w-tabs-section\" id=\"s746\" itemscope itemprop=\"mainEntity\" itemtype=\"https:\/\/schema.org\/Question\" style=\"background:var(--color-content-bg-alt);\"><button class=\"w-tabs-section-header\" aria-controls=\"content-s746\" aria-expanded=\"false\"><h6 class=\"w-tabs-section-title\" itemprop=\"name\">Hol tal\u00e1lom a foglal\u00e1si visszaigazol\u00e1st?<\/h6><div class=\"w-tabs-section-control\"><\/div><\/button><div  class=\"w-tabs-section-content\" id=\"content-s746\" itemscope itemprop=\"acceptedAnswer\" itemtype=\"https:\/\/schema.org\/Answer\"><div class=\"w-tabs-section-content-h i-cf\" itemprop=\"text\"><div class=\"wpb_text_column us_custom_0f088a09 has_text_color\"><div class=\"wpb_wrapper\"><p>A foglal\u00e1s ut\u00e1n e-mailben\/WhatsAppon k\u00fcld\u00fcnk visszaigazol\u00e1st. Ez tartalmazza a tev\u00e9kenys\u00e9g nev\u00e9t, d\u00e1tum\u00e1t, id\u0151pontj\u00e1t \u00e9s az \u00e1tv\u00e9teli vagy tal\u00e1lkoz\u00e1si pont adatait. Ha nem l\u00e1tja az e-mailt, ellen\u0151rizze a spam vagy a prom\u00f3ci\u00f3k mapp\u00e1t. WhatsAppon is v\u00e1laszolhatsz nek\u00fcnk, ha \u00fajrak\u00fcld\u00e9sre van sz\u00fcks\u00e9ged.<\/p>\n<\/div><\/div><\/div><\/div><\/div><div class=\"w-tabs-section\" id=\"b8c7\" itemscope itemprop=\"mainEntity\" itemtype=\"https:\/\/schema.org\/Question\" style=\"background:var(--color-content-bg-alt);\"><button class=\"w-tabs-section-header\" aria-controls=\"content-b8c7\" aria-expanded=\"false\"><h6 class=\"w-tabs-section-title\" itemprop=\"name\">Besz\u00e9led a nyelvemet?<\/h6><div class=\"w-tabs-section-control\"><\/div><\/button><div  class=\"w-tabs-section-content\" id=\"content-b8c7\" itemscope itemprop=\"acceptedAnswer\" itemtype=\"https:\/\/schema.org\/Answer\"><div class=\"w-tabs-section-content-h i-cf\" itemprop=\"text\"><div class=\"wpb_text_column us_custom_0f088a09 has_text_color\"><div class=\"wpb_wrapper\"><p>Csapatunk angolul \u00e9s spanyolul kommunik\u00e1l, \u00e9s weboldalunk t\u00f6bb mint 15 nyelven \u00e9rhet\u0151 el. A legt\u00f6bb idegenvezet\u0151 \u00e9s szem\u00e9lyzet legal\u00e1bb angolul \u00e9s spanyolul besz\u00e9l, de sokan besz\u00e9lnek n\u00e9met\u00fcl, franci\u00e1ul, hollandul vagy m\u00e1s nyelven is, az \u00fczemeltet\u0151t\u0151l f\u00fcgg\u0151en. Ha egy adott tev\u00e9kenys\u00e9g eset\u00e9ben a nyelvi probl\u00e9m\u00e1k mer\u00fclnek fel, k\u00e9rdezzen minket, \u00e9s mi megn\u00e9zz\u00fck, hogy mi \u00e1ll rendelkez\u00e9sre.<\/p>\n<\/div><\/div><\/div><\/div><\/div><div class=\"w-tabs-section\" id=\"ra56\" itemscope itemprop=\"mainEntity\" itemtype=\"https:\/\/schema.org\/Question\" style=\"background:var(--color-content-bg-alt);\"><button class=\"w-tabs-section-header\" aria-controls=\"content-ra56\" aria-expanded=\"false\"><h6 class=\"w-tabs-section-title\" itemprop=\"name\">Mi k\u00fcl\u00f6nb\u00f6zteti meg az CanaryVIP-t a t\u00f6bbi foglal\u00e1si oldalt\u00f3l?<\/h6><div class=\"w-tabs-section-control\"><\/div><\/button><div  class=\"w-tabs-section-content\" id=\"content-ra56\" itemscope itemprop=\"acceptedAnswer\" itemtype=\"https:\/\/schema.org\/Answer\"><div class=\"w-tabs-section-content-h i-cf\" itemprop=\"text\"><div class=\"wpb_text_column us_custom_0f088a09 has_text_color\"><div class=\"wpb_wrapper\"><p>Mi egy helyi c\u00e9g vagyunk, melynek sz\u00e9khelye Adeje, Tenerife d\u00e9li r\u00e9sz\u00e9n tal\u00e1lhat\u00f3. Irod\u00e1nk minden nap nyitva van, \u00e9s a csapatunk a szigeten \u00e9l, \u00edgy ha a foglal\u00e1ssal vagy a tev\u00e9kenys\u00e9g napj\u00e1n probl\u00e9ma mer\u00fcl fel, akkor egy olyan k\u00f6zeli emberrel besz\u00e9lhet, aki val\u00f3ban meg tudja oldani a probl\u00e9m\u00e1t.<\/p>\n<p>Nem sorolunk fel t\u00f6bb sz\u00e1z tev\u00e9kenys\u00e9get. Kisebb sz\u00e1m\u00fa olyan szervez\u0151vel dolgozunk egy\u00fctt, akiket ismer\u00fcnk \u00e9s akikben megb\u00edzunk, \u00e9s csak olyan \u00e9lm\u00e9nyeket \u00e1rulunk, amelyekhez sz\u00edvesen adjuk a nev\u00fcnket.<\/p>\n<\/div><\/div><\/div><\/div><\/div><div class=\"w-tabs-section\" id=\"pbdb\" itemscope itemprop=\"mainEntity\" itemtype=\"https:\/\/schema.org\/Question\" style=\"background:var(--color-content-bg-alt);\"><button class=\"w-tabs-section-header\" aria-controls=\"content-pbdb\" aria-expanded=\"false\"><h6 class=\"w-tabs-section-title\" itemprop=\"name\">Tudna az \u00e9rdekl\u0151d\u00e9si k\u00f6r\u00f6mnek megfelel\u0151 tev\u00e9kenys\u00e9geket aj\u00e1nlani?<\/h6><div class=\"w-tabs-section-control\"><\/div><\/button><div  class=\"w-tabs-section-content\" id=\"content-pbdb\" itemscope itemprop=\"acceptedAnswer\" itemtype=\"https:\/\/schema.org\/Answer\"><div class=\"w-tabs-section-content-h i-cf\" itemprop=\"text\"><div class=\"wpb_text_column us_custom_0f088a09 has_text_color\"><div class=\"wpb_wrapper\"><p>Abszol\u00fat. Mondja el, milyen t\u00edpus\u00fa utaz\u00e1st keres (kaland, pihen\u00e9s, csal\u00e1di sz\u00f3rakoz\u00e1s, romantika, term\u00e9szet), h\u00e1ny nap \u00e1ll rendelkez\u00e9s\u00e9re, \u00e9s milyen preferenci\u00e1k vagy korl\u00e1toz\u00e1sok vannak, \u00e9s mi szem\u00e9lyre szabott list\u00e1t fogunk k\u00e9sz\u00edteni. El\u00e9rhet minket WhatsAppon, e-mailben vagy a weboldalunkon tal\u00e1lhat\u00f3 kapcsolatfelv\u00e9teli \u0171rlapon kereszt\u00fcl. Ink\u00e1bb seg\u00edt\u00fcnk megtal\u00e1lni a megfelel\u0151 tev\u00e9kenys\u00e9get, minthogy olyat foglaljon, ami nem felel meg az elk\u00e9pzel\u00e9seinek.<\/p>\n<\/div><\/div><\/div><\/div><\/div><div class=\"w-tabs-section\" id=\"ud95\" itemscope itemprop=\"mainEntity\" itemtype=\"https:\/\/schema.org\/Question\" style=\"background:var(--color-content-bg-alt);\"><button class=\"w-tabs-section-header\" aria-controls=\"content-ud95\" aria-expanded=\"false\"><h6 class=\"w-tabs-section-title\" itemprop=\"name\">Hogyan l\u00e9phetek kapcsolatba az CanaryVIP-vel?<\/h6><div class=\"w-tabs-section-control\"><\/div><\/button><div  class=\"w-tabs-section-content\" id=\"content-ud95\" itemscope itemprop=\"acceptedAnswer\" itemtype=\"https:\/\/schema.org\/Answer\"><div class=\"w-tabs-section-content-h i-cf\" itemprop=\"text\"><div class=\"wpb_text_column us_custom_0f088a09 has_text_color\"><div class=\"wpb_wrapper\"><p>El\u00e9rhet minket a k\u00f6vetkez\u0151 c\u00edmen:<\/p>\n<ul>\n<li><strong>WhatsApp<\/strong> (a leggyorsabban gyors k\u00e9rd\u00e9sek \u00e9s a tev\u00e9kenys\u00e9g napj\u00e1n felmer\u00fcl\u0151 probl\u00e9m\u00e1k eset\u00e9n)<\/li>\n<li><strong>E-mail<\/strong> a mi <a href=\"https:\/\/canaryvip.com\/hu\/contact\/\">kapcsolatfelv\u00e9teli oldal<\/a><\/li>\n<li><strong>Telefon<\/strong> munkaid\u0151ben<\/li>\n<\/ul>\n<p>Napk\u00f6zben igyeksz\u00fcnk minden \u00fczenetre n\u00e9h\u00e1ny \u00f3r\u00e1n bel\u00fcl v\u00e1laszolni. S\u00fcrg\u0151s \u00fcgyekben a tev\u00e9kenys\u00e9g napj\u00e1n a WhatsApp a legjobb m\u00f3dja annak, hogy el\u00e9rjen minket.<\/p>\n<\/div><\/div><\/div><\/div><\/div><\/div><\/div><\/div><\/div><\/div><\/div><\/div><\/section>","protected":false},"excerpt":{"rendered":"Frequently Asked QuestionsEverything you need to know about booking excursions, tours and activities with CanaryVIP. If your question isn&#8217;t answered here, reach out to us on WhatsApp, email or phone and we&#8217;ll get back to you quickly. How does booking work?Pick the activity you want from our website, choose your date and the number of...","protected":false},"author":1,"featured_media":0,"parent":0,"menu_order":0,"comment_status":"closed","ping_status":"open","template":"","meta":{"_acf_changed":false,"footnotes":""},"class_list":["post-2508","page","type-page","status-publish","hentry"],"acf":[],"_links":{"self":[{"href":"https:\/\/canaryvip.com\/hu\/wp-json\/wp\/v2\/pages\/2508","targetHints":{"allow":["GET"]}}],"collection":[{"href":"https:\/\/canaryvip.com\/hu\/wp-json\/wp\/v2\/pages"}],"about":[{"href":"https:\/\/canaryvip.com\/hu\/wp-json\/wp\/v2\/types\/page"}],"author":[{"embeddable":true,"href":"https:\/\/canaryvip.com\/hu\/wp-json\/wp\/v2\/users\/1"}],"replies":[{"embeddable":true,"href":"https:\/\/canaryvip.com\/hu\/wp-json\/wp\/v2\/comments?post=2508"}],"version-history":[{"count":11,"href":"https:\/\/canaryvip.com\/hu\/wp-json\/wp\/v2\/pages\/2508\/revisions"}],"predecessor-version":[{"id":16811,"href":"https:\/\/canaryvip.com\/hu\/wp-json\/wp\/v2\/pages\/2508\/revisions\/16811"}],"wp:attachment":[{"href":"https:\/\/canaryvip.com\/hu\/wp-json\/wp\/v2\/media?parent=2508"}],"curies":[{"name":"wp","href":"https:\/\/api.w.org\/{rel}","templated":true}]}}